{"id":3917,"date":"2022-06-29T20:18:20","date_gmt":"2022-06-29T23:18:20","guid":{"rendered":"https:\/\/www.fira.edu.br\/repositorio\/?post_type=tnc_col_5_item&#038;p=3917"},"modified":"2022-06-29T20:23:22","modified_gmt":"2022-06-29T23:23:22","slug":"o-papel-da-educacao-fisica-escolar-no-controle-e-prevencao-da-obesidade-em-criancas-e-adolescentes","status":"publish","type":"tnc_col_5_item","link":"https:\/\/www.fira.edu.br\/repositorio\/artigos\/o-papel-da-educacao-fisica-escolar-no-controle-e-prevencao-da-obesidade-em-criancas-e-adolescentes\/","title":{"rendered":"O PAPEL DA EDUCA\u00c7\u00c3O F\u00cdSICA ESCOLAR NO CONTROLE E PREVEN\u00c7\u00c3O DA OBESIDADE EM CRIAN\u00c7AS E ADOLESCENTES"},"content":{"rendered":"<p>Este artigo tem por objetivo demonstrar o papel da educa\u00e7\u00e3o f\u00edsica escolar no combate e preven\u00e7\u00e3o da obesidade \u00e0 educandos em fase escolar, demonstrando quais s\u00e3o as principais causas da doen\u00e7a, e as formas de tratamento, destacando a educa\u00e7\u00e3o f\u00edsica como um dos principais pilares para solucionar este problema de sa\u00fade t\u00e3o presente na sociedade. Este estudo consistir\u00e1 em uma revis\u00e3o bibliogr\u00e1fica, que consiste na compreens\u00e3o do impacto que a Educa\u00e7\u00e3o F\u00edsica escolar promove em rela\u00e7\u00e3o A obesidade, apresentando sugest\u00f5es met\u00f3dicas obtidas atrav\u00e9s de conte\u00fados liter\u00e1rios. A pesquisa ser\u00e1 embasada em artigos e obras liter\u00e1rias que j\u00e1 existem sobre o assunto escolhido, tendo por finalidade determinar quais os benef\u00edcios obtidos.<\/p>\n","protected":false},"featured_media":3920,"parent":0,"menu_order":0,"comment_status":"closed","ping_status":"closed","template":"","format":"standard","class_list":["post-3917","tnc_col_5_item","type-tnc_col_5_item","status-publish","format-standard","has-post-thumbnail","hentry"],"_links":{"self":[{"href":"https:\/\/www.fira.edu.br\/repositorio\/wp-json\/wp\/v2\/tnc_col_5_item\/3917","targetHints":{"allow":["GET"]}}],"collection":[{"href":"https:\/\/www.fira.edu.br\/repositorio\/wp-json\/wp\/v2\/tnc_col_5_item"}],"about":[{"href":"https:\/\/www.fira.edu.br\/repositorio\/wp-json\/wp\/v2\/types\/tnc_col_5_item"}],"replies":[{"embeddable":true,"href":"https:\/\/www.fira.edu.br\/repositorio\/wp-json\/wp\/v2\/comments?post=3917"}],"version-history":[{"count":1,"href":"https:\/\/www.fira.edu.br\/repositorio\/wp-json\/wp\/v2\/tnc_col_5_item\/3917\/revisions"}],"predecessor-version":[{"id":3937,"href":"https:\/\/www.fira.edu.br\/repositorio\/wp-json\/wp\/v2\/tnc_col_5_item\/3917\/revisions\/3937"}],"wp:featuredmedia":[{"embeddable":true,"href":"https:\/\/www.fira.edu.br\/repositorio\/wp-json\/wp\/v2\/media\/3920"}],"wp:attachment":[{"href":"https:\/\/www.fira.edu.br\/repositorio\/wp-json\/wp\/v2\/media?parent=3917"}],"curies":[{"name":"wp","href":"https:\/\/api.w.org\/{rel}","templated":true}]}}