{"version":"1.0","provider_name":"FACULDADES INTEGRADAS REGIONAIS DE AVAR\u00c9","provider_url":"https:\/\/www.fira.edu.br\/site","author_name":"FREA","author_url":"https:\/\/www.fira.edu.br\/site\/author\/administrador\/","title":"Geografia - FACULDADES INTEGRADAS REGIONAIS DE AVAR\u00c9","type":"rich","width":600,"height":338,"html":"<blockquote class=\"wp-embedded-content\" data-secret=\"wOcgYUvblp\"><a href=\"https:\/\/www.fira.edu.br\/site\/geografia\/\">Geografia<\/a><\/blockquote><iframe sandbox=\"allow-scripts\" security=\"restricted\" src=\"https:\/\/www.fira.edu.br\/site\/geografia\/embed\/#?secret=wOcgYUvblp\" width=\"600\" height=\"338\" title=\"&#8220;Geografia&#8221; &#8212; FACULDADES INTEGRADAS REGIONAIS DE AVAR\u00c9\" data-secret=\"wOcgYUvblp\" frameborder=\"0\" marginwidth=\"0\" marginheight=\"0\" scrolling=\"no\" class=\"wp-embedded-content\"><\/iframe><script type=\"text\/javascript\">\n\/* <![CDATA[ *\/\n\/*! This file is auto-generated *\/\n!function(d,l){\"use strict\";l.querySelector&&d.addEventListener&&\"undefined\"!=typeof URL&&(d.wp=d.wp||{},d.wp.receiveEmbedMessage||(d.wp.receiveEmbedMessage=function(e){var t=e.data;if((t||t.secret||t.message||t.value)&&!\/[^a-zA-Z0-9]\/.test(t.secret)){for(var s,r,n,a=l.querySelectorAll('iframe[data-secret=\"'+t.secret+'\"]'),o=l.querySelectorAll('blockquote[data-secret=\"'+t.secret+'\"]'),c=new RegExp(\"^https?:$\",\"i\"),i=0;i<o.length;i++)o[i].style.display=\"none\";for(i=0;i<a.length;i++)s=a[i],e.source===s.contentWindow&&(s.removeAttribute(\"style\"),\"height\"===t.message?(1e3<(r=parseInt(t.value,10))?r=1e3:~~r<200&&(r=200),s.height=r):\"link\"===t.message&&(r=new URL(s.getAttribute(\"src\")),n=new URL(t.value),c.test(n.protocol))&&n.host===r.host&&l.activeElement===s&&(d.top.location.href=t.value))}},d.addEventListener(\"message\",d.wp.receiveEmbedMessage,!1),l.addEventListener(\"DOMContentLoaded\",function(){for(var e,t,s=l.querySelectorAll(\"iframe.wp-embedded-content\"),r=0;r<s.length;r++)(t=(e=s[r]).getAttribute(\"data-secret\"))||(t=Math.random().toString(36).substring(2,12),e.src+=\"#?secret=\"+t,e.setAttribute(\"data-secret\",t)),e.contentWindow.postMessage({message:\"ready\",secret:t},\"*\")},!1)))}(window,document);\n\/\/# sourceURL=https:\/\/www.fira.edu.br\/site\/wp-includes\/js\/wp-embed.min.js\n\/* ]]> *\/\n<\/script>\n","description":"Geografia O curso de licenciatura em Geografia forma profissionais capacitados para lecionar na educa\u00e7\u00e3o b\u00e1sica, tanto em escolas p\u00fablicas quanto privadas. Al\u00e9m disso, \u00e9 uma excelente escolha para aqueles que desejam se dedicar \u00e0 pesquisa na \u00e1rea de Geografia ou atuar em projetos e consultorias especializadas. A licenciatura em Geografia oferece uma forma\u00e7\u00e3o abrangente, com&hellip; Leia mais"}