{"id":13594,"date":"2022-04-01T00:24:48","date_gmt":"2022-04-01T00:24:48","guid":{"rendered":"https:\/\/www.fira.edu.br\/site\/?page_id=13594"},"modified":"2022-04-01T01:54:59","modified_gmt":"2022-04-01T01:54:59","slug":"sites-de-acervos-gratuitos-de-bibliotecas","status":"publish","type":"page","link":"https:\/\/www.fira.edu.br\/site\/sites-de-acervos-gratuitos-de-bibliotecas\/","title":{"rendered":"SITES DE ACERVOS GRATUITOS DE BIBLIOTECAS"},"content":{"rendered":"<table style=\"border-collapse: collapse; width: 25.0182%; height: 1246px;\">\n<tbody>\n<tr style=\"height: 318px;\">\n<td style=\"width: 100%; text-align: center; height: 318px;\"><a href=\"http:\/\/www.dominiopublico.gov.br\/pesquisa\/PesquisaObraForm.jsp\" target=\"_blank\" rel=\"noopener\"><img fetchpriority=\"high\" decoding=\"async\" class=\"aligncenter wp-image-13599 size-full\" src=\"https:\/\/www.fira.edu.br\/site\/wp-content\/uploads\/2022\/04\/dominio-publico.jpg\" alt=\"\" width=\"327\" height=\"245\" srcset=\"https:\/\/www.fira.edu.br\/site\/wp-content\/uploads\/2022\/04\/dominio-publico.jpg 327w, https:\/\/www.fira.edu.br\/site\/wp-content\/uploads\/2022\/04\/dominio-publico-300x225.jpg 300w\" sizes=\"(max-width: 327px) 100vw, 327px\" \/><\/a><a href=\"http:\/\/www.dominiopublico.gov.br\/pesquisa\/PesquisaObraForm.jsp\" target=\"_blank\" rel=\"noopener\">Dom\u00ednio P\u00fablico<\/a><\/td>\n<\/tr>\n<tr style=\"height: 298px;\">\n<td style=\"width: 100%; height: 298px;\">\n<p style=\"text-align: center;\"><a href=\"https:\/\/bibliotecas.ufu.br\/portal-da-pesquisa\/bibliotecas-digitais\/biblioteca-digital-mundial\" target=\"_blank\" rel=\"noopener\"><img decoding=\"async\" class=\"aligncenter wp-image-13598 size-full\" src=\"https:\/\/www.fira.edu.br\/site\/wp-content\/uploads\/2022\/04\/Biblioteca-Mundial-Digital-.jpg\" alt=\"\" width=\"337\" height=\"225\" srcset=\"https:\/\/www.fira.edu.br\/site\/wp-content\/uploads\/2022\/04\/Biblioteca-Mundial-Digital-.jpg 337w, https:\/\/www.fira.edu.br\/site\/wp-content\/uploads\/2022\/04\/Biblioteca-Mundial-Digital--300x200.jpg 300w\" sizes=\"(max-width: 337px) 100vw, 337px\" \/><\/a><a href=\"https:\/\/bibliotecas.ufu.br\/portal-da-pesquisa\/bibliotecas-digitais\/biblioteca-digital-mundial\" target=\"_blank\" rel=\"noopener\">Biblioteca Mundial Digital<\/a><\/p>\n<\/td>\n<\/tr>\n<tr style=\"height: 156px;\">\n<td style=\"width: 100%; height: 156px;\">&nbsp;<\/p>\n<p style=\"text-align: center;\"><a href=\"https:\/\/www.bbm.usp.br\/pt-br\/\" target=\"_blank\" rel=\"noopener\"><img decoding=\"async\" class=\"aligncenter wp-image-13596 size-full\" src=\"https:\/\/www.fira.edu.br\/site\/wp-content\/uploads\/2022\/04\/Biblioteca-Brasiliana-Guita-e-Jose-Mindlin-.jpg\" alt=\"\" width=\"413\" height=\"66\" srcset=\"https:\/\/www.fira.edu.br\/site\/wp-content\/uploads\/2022\/04\/Biblioteca-Brasiliana-Guita-e-Jose-Mindlin-.jpg 413w, https:\/\/www.fira.edu.br\/site\/wp-content\/uploads\/2022\/04\/Biblioteca-Brasiliana-Guita-e-Jose-Mindlin--300x48.jpg 300w\" sizes=\"(max-width: 413px) 100vw, 413px\" \/><\/a><a href=\"https:\/\/www.bbm.usp.br\/pt-br\/\" target=\"_blank\" rel=\"noopener\">Biblioteca Brasiliana Guita e Jos\u00e9 Mindlin<\/a><\/p>\n<p>&nbsp;<\/td>\n<\/tr>\n<tr style=\"height: 212px;\">\n<td style=\"width: 100%; height: 212px; text-align: center;\"><a href=\"http:\/\/www.bibliotecadigital.unicamp.br\/\" target=\"_blank\" rel=\"noopener\"><img loading=\"lazy\" decoding=\"async\" class=\"aligncenter wp-image-13597 size-full\" src=\"https:\/\/www.fira.edu.br\/site\/wp-content\/uploads\/2022\/04\/Biblioteca-Digital-da-Unicamp.jpg\" alt=\"\" width=\"307\" height=\"163\" srcset=\"https:\/\/www.fira.edu.br\/site\/wp-content\/uploads\/2022\/04\/Biblioteca-Digital-da-Unicamp.jpg 307w, https:\/\/www.fira.edu.br\/site\/wp-content\/uploads\/2022\/04\/Biblioteca-Digital-da-Unicamp-300x159.jpg 300w\" sizes=\"(max-width: 307px) 100vw, 307px\" \/><\/a><a href=\"http:\/\/www.bibliotecadigital.unicamp.br\/\" target=\"_blank\" rel=\"noopener\">Biblioteca Digital da Unicamp<\/a><\/td>\n<\/tr>\n<tr style=\"height: 132px;\">\n<td style=\"width: 100%; height: 132px;\">\n<p style=\"text-align: center;\"><a href=\"http:\/\/www.arquivoestado.sp.gov.br\/web\/acervo\"><img loading=\"lazy\" decoding=\"async\" class=\"aligncenter wp-image-13595 size-full\" src=\"https:\/\/www.fira.edu.br\/site\/wp-content\/uploads\/2022\/04\/Acervo-Publico-do-Estado-de-Sao-Paulo.jpg\" alt=\"\" width=\"355\" height=\"86\" srcset=\"https:\/\/www.fira.edu.br\/site\/wp-content\/uploads\/2022\/04\/Acervo-Publico-do-Estado-de-Sao-Paulo.jpg 355w, https:\/\/www.fira.edu.br\/site\/wp-content\/uploads\/2022\/04\/Acervo-Publico-do-Estado-de-Sao-Paulo-300x73.jpg 300w\" sizes=\"(max-width: 355px) 100vw, 355px\" \/><\/a><a href=\"http:\/\/www.arquivoestado.sp.gov.br\/web\/acervo\" target=\"_blank\" rel=\"noopener\">Acervo P\u00fablico do Estado de S\u00e3o Paulo<\/a><\/p>\n<\/td>\n<\/tr>\n<tr style=\"height: 130px;\">\n<td style=\"width: 100%; height: 130px;\">&nbsp;<\/p>\n<p style=\"text-align: center;\"><a href=\"https:\/\/www-periodicos-capes-gov-br.ezl.periodicos.capes.gov.br\/index.php?\" target=\"_blank\" rel=\"noopener\"><img loading=\"lazy\" decoding=\"async\" class=\"aligncenter wp-image-13600 size-full\" src=\"https:\/\/www.fira.edu.br\/site\/wp-content\/uploads\/2022\/04\/Portal-Periodicos-Capes-.jpg\" alt=\"\" width=\"437\" height=\"104\" srcset=\"https:\/\/www.fira.edu.br\/site\/wp-content\/uploads\/2022\/04\/Portal-Periodicos-Capes-.jpg 437w, https:\/\/www.fira.edu.br\/site\/wp-content\/uploads\/2022\/04\/Portal-Periodicos-Capes--300x71.jpg 300w\" sizes=\"(max-width: 437px) 100vw, 437px\" \/><\/a><a href=\"https:\/\/www-periodicos-capes-gov-br.ezl.periodicos.capes.gov.br\/index.php?\" target=\"_blank\" rel=\"noopener\">Portal Peri\u00f3dicos Capes<\/a><\/p>\n<\/td>\n<\/tr>\n<\/tbody>\n<\/table>\n","protected":false},"excerpt":{"rendered":"<p>Dom\u00ednio P\u00fablico Biblioteca Mundial Digital &nbsp; Biblioteca Brasiliana Guita e Jos\u00e9 Mindlin &nbsp; Biblioteca Digital da Unicamp Acervo P\u00fablico do Estado de S\u00e3o Paulo &nbsp; Portal Peri\u00f3dicos Capes<\/p>\n","protected":false},"author":2,"featured_media":0,"parent":0,"menu_order":0,"comment_status":"closed","ping_status":"closed","template":"","meta":{"_joinchat":[],"footnotes":""},"class_list":["post-13594","page","type-page","status-publish","hentry"],"yoast_head":"<!-- This site is optimized with the Yoast SEO plugin v27.4 - https:\/\/yoast.com\/product\/yoast-seo-wordpress\/ -->\n<title>SITES DE ACERVOS GRATUITOS DE BIBLIOTECAS - FACULDADES INTEGRADAS REGIONAIS DE AVAR\u00c9<\/title>\n<meta name=\"robots\" content=\"index, follow, max-snippet:-1, max-image-preview:large, max-video-preview:-1\" \/>\n<link rel=\"canonical\" href=\"https:\/\/www.fira.edu.br\/site\/sites-de-acervos-gratuitos-de-bibliotecas\/\" \/>\n<meta property=\"og:locale\" content=\"pt_BR\" \/>\n<meta property=\"og:type\" content=\"article\" \/>\n<meta property=\"og:title\" content=\"SITES DE ACERVOS GRATUITOS DE BIBLIOTECAS - FACULDADES INTEGRADAS REGIONAIS DE AVAR\u00c9\" \/>\n<meta property=\"og:description\" content=\"Dom\u00ednio P\u00fablico Biblioteca Mundial Digital &nbsp; Biblioteca Brasiliana Guita e Jos\u00e9 Mindlin &nbsp; Biblioteca Digital da Unicamp Acervo P\u00fablico do Estado de S\u00e3o Paulo &nbsp; Portal Peri\u00f3dicos Capes\" \/>\n<meta property=\"og:url\" content=\"https:\/\/www.fira.edu.br\/site\/sites-de-acervos-gratuitos-de-bibliotecas\/\" \/>\n<meta property=\"og:site_name\" content=\"FACULDADES INTEGRADAS REGIONAIS DE AVAR\u00c9\" \/>\n<meta property=\"article:modified_time\" content=\"2022-04-01T01:54:59+00:00\" \/>\n<meta property=\"og:image\" content=\"https:\/\/www.fira.edu.br\/site\/wp-content\/uploads\/2022\/04\/dominio-publico.jpg\" \/>\n<script type=\"application\/ld+json\" class=\"yoast-schema-graph\">{\"@context\":\"https:\\\/\\\/schema.org\",\"@graph\":[{\"@type\":\"WebPage\",\"@id\":\"https:\\\/\\\/www.fira.edu.br\\\/site\\\/sites-de-acervos-gratuitos-de-bibliotecas\\\/\",\"url\":\"https:\\\/\\\/www.fira.edu.br\\\/site\\\/sites-de-acervos-gratuitos-de-bibliotecas\\\/\",\"name\":\"SITES DE ACERVOS GRATUITOS DE BIBLIOTECAS - FACULDADES INTEGRADAS REGIONAIS DE AVAR\u00c9\",\"isPartOf\":{\"@id\":\"https:\\\/\\\/www.fira.edu.br\\\/site\\\/#website\"},\"primaryImageOfPage\":{\"@id\":\"https:\\\/\\\/www.fira.edu.br\\\/site\\\/sites-de-acervos-gratuitos-de-bibliotecas\\\/#primaryimage\"},\"image\":{\"@id\":\"https:\\\/\\\/www.fira.edu.br\\\/site\\\/sites-de-acervos-gratuitos-de-bibliotecas\\\/#primaryimage\"},\"thumbnailUrl\":\"https:\\\/\\\/www.fira.edu.br\\\/site\\\/wp-content\\\/uploads\\\/2022\\\/04\\\/dominio-publico.jpg\",\"datePublished\":\"2022-04-01T00:24:48+00:00\",\"dateModified\":\"2022-04-01T01:54:59+00:00\",\"breadcrumb\":{\"@id\":\"https:\\\/\\\/www.fira.edu.br\\\/site\\\/sites-de-acervos-gratuitos-de-bibliotecas\\\/#breadcrumb\"},\"inLanguage\":\"pt-BR\",\"potentialAction\":[{\"@type\":\"ReadAction\",\"target\":[\"https:\\\/\\\/www.fira.edu.br\\\/site\\\/sites-de-acervos-gratuitos-de-bibliotecas\\\/\"]}]},{\"@type\":\"ImageObject\",\"inLanguage\":\"pt-BR\",\"@id\":\"https:\\\/\\\/www.fira.edu.br\\\/site\\\/sites-de-acervos-gratuitos-de-bibliotecas\\\/#primaryimage\",\"url\":\"https:\\\/\\\/www.fira.edu.br\\\/site\\\/wp-content\\\/uploads\\\/2022\\\/04\\\/dominio-publico.jpg\",\"contentUrl\":\"https:\\\/\\\/www.fira.edu.br\\\/site\\\/wp-content\\\/uploads\\\/2022\\\/04\\\/dominio-publico.jpg\",\"width\":327,\"height\":245},{\"@type\":\"BreadcrumbList\",\"@id\":\"https:\\\/\\\/www.fira.edu.br\\\/site\\\/sites-de-acervos-gratuitos-de-bibliotecas\\\/#breadcrumb\",\"itemListElement\":[{\"@type\":\"ListItem\",\"position\":1,\"name\":\"In\u00edcio\",\"item\":\"https:\\\/\\\/www.fira.edu.br\\\/site\\\/\"},{\"@type\":\"ListItem\",\"position\":2,\"name\":\"SITES DE ACERVOS GRATUITOS DE BIBLIOTECAS\"}]},{\"@type\":\"WebSite\",\"@id\":\"https:\\\/\\\/www.fira.edu.br\\\/site\\\/#website\",\"url\":\"https:\\\/\\\/www.fira.edu.br\\\/site\\\/\",\"name\":\"FACULDADES INTEGRADAS REGIONAIS DE AVAR\u00c9\",\"description\":\"A tradi\u00e7\u00e3o \u00e9 nossa. A oportunidade \u00e9 sua.\",\"publisher\":{\"@id\":\"https:\\\/\\\/www.fira.edu.br\\\/site\\\/#organization\"},\"potentialAction\":[{\"@type\":\"SearchAction\",\"target\":{\"@type\":\"EntryPoint\",\"urlTemplate\":\"https:\\\/\\\/www.fira.edu.br\\\/site\\\/?s={search_term_string}\"},\"query-input\":{\"@type\":\"PropertyValueSpecification\",\"valueRequired\":true,\"valueName\":\"search_term_string\"}}],\"inLanguage\":\"pt-BR\"},{\"@type\":\"Organization\",\"@id\":\"https:\\\/\\\/www.fira.edu.br\\\/site\\\/#organization\",\"name\":\"FACULDADES INTEGRADAS REGIONAIS DE AVAR\u00c9\",\"url\":\"https:\\\/\\\/www.fira.edu.br\\\/site\\\/\",\"logo\":{\"@type\":\"ImageObject\",\"inLanguage\":\"pt-BR\",\"@id\":\"https:\\\/\\\/www.fira.edu.br\\\/site\\\/#\\\/schema\\\/logo\\\/image\\\/\",\"url\":\"https:\\\/\\\/www.fira.edu.br\\\/site\\\/wp-content\\\/uploads\\\/2020\\\/12\\\/fira-teste-.png\",\"contentUrl\":\"https:\\\/\\\/www.fira.edu.br\\\/site\\\/wp-content\\\/uploads\\\/2020\\\/12\\\/fira-teste-.png\",\"width\":105,\"height\":105,\"caption\":\"FACULDADES INTEGRADAS REGIONAIS DE AVAR\u00c9\"},\"image\":{\"@id\":\"https:\\\/\\\/www.fira.edu.br\\\/site\\\/#\\\/schema\\\/logo\\\/image\\\/\"}}]}<\/script>\n<!-- \/ Yoast SEO plugin. -->","yoast_head_json":{"title":"SITES DE ACERVOS GRATUITOS DE BIBLIOTECAS - FACULDADES INTEGRADAS REGIONAIS DE AVAR\u00c9","robots":{"index":"index","follow":"follow","max-snippet":"max-snippet:-1","max-image-preview":"max-image-preview:large","max-video-preview":"max-video-preview:-1"},"canonical":"https:\/\/www.fira.edu.br\/site\/sites-de-acervos-gratuitos-de-bibliotecas\/","og_locale":"pt_BR","og_type":"article","og_title":"SITES DE ACERVOS GRATUITOS DE BIBLIOTECAS - FACULDADES INTEGRADAS REGIONAIS DE AVAR\u00c9","og_description":"Dom\u00ednio P\u00fablico Biblioteca Mundial Digital &nbsp; Biblioteca Brasiliana Guita e Jos\u00e9 Mindlin &nbsp; Biblioteca Digital da Unicamp Acervo P\u00fablico do Estado de S\u00e3o Paulo &nbsp; Portal Peri\u00f3dicos Capes","og_url":"https:\/\/www.fira.edu.br\/site\/sites-de-acervos-gratuitos-de-bibliotecas\/","og_site_name":"FACULDADES INTEGRADAS REGIONAIS DE AVAR\u00c9","article_modified_time":"2022-04-01T01:54:59+00:00","og_image":[{"url":"https:\/\/www.fira.edu.br\/site\/wp-content\/uploads\/2022\/04\/dominio-publico.jpg","type":"","width":"","height":""}],"schema":{"@context":"https:\/\/schema.org","@graph":[{"@type":"WebPage","@id":"https:\/\/www.fira.edu.br\/site\/sites-de-acervos-gratuitos-de-bibliotecas\/","url":"https:\/\/www.fira.edu.br\/site\/sites-de-acervos-gratuitos-de-bibliotecas\/","name":"SITES DE ACERVOS GRATUITOS DE BIBLIOTECAS - FACULDADES INTEGRADAS REGIONAIS DE AVAR\u00c9","isPartOf":{"@id":"https:\/\/www.fira.edu.br\/site\/#website"},"primaryImageOfPage":{"@id":"https:\/\/www.fira.edu.br\/site\/sites-de-acervos-gratuitos-de-bibliotecas\/#primaryimage"},"image":{"@id":"https:\/\/www.fira.edu.br\/site\/sites-de-acervos-gratuitos-de-bibliotecas\/#primaryimage"},"thumbnailUrl":"https:\/\/www.fira.edu.br\/site\/wp-content\/uploads\/2022\/04\/dominio-publico.jpg","datePublished":"2022-04-01T00:24:48+00:00","dateModified":"2022-04-01T01:54:59+00:00","breadcrumb":{"@id":"https:\/\/www.fira.edu.br\/site\/sites-de-acervos-gratuitos-de-bibliotecas\/#breadcrumb"},"inLanguage":"pt-BR","potentialAction":[{"@type":"ReadAction","target":["https:\/\/www.fira.edu.br\/site\/sites-de-acervos-gratuitos-de-bibliotecas\/"]}]},{"@type":"ImageObject","inLanguage":"pt-BR","@id":"https:\/\/www.fira.edu.br\/site\/sites-de-acervos-gratuitos-de-bibliotecas\/#primaryimage","url":"https:\/\/www.fira.edu.br\/site\/wp-content\/uploads\/2022\/04\/dominio-publico.jpg","contentUrl":"https:\/\/www.fira.edu.br\/site\/wp-content\/uploads\/2022\/04\/dominio-publico.jpg","width":327,"height":245},{"@type":"BreadcrumbList","@id":"https:\/\/www.fira.edu.br\/site\/sites-de-acervos-gratuitos-de-bibliotecas\/#breadcrumb","itemListElement":[{"@type":"ListItem","position":1,"name":"In\u00edcio","item":"https:\/\/www.fira.edu.br\/site\/"},{"@type":"ListItem","position":2,"name":"SITES DE ACERVOS GRATUITOS DE BIBLIOTECAS"}]},{"@type":"WebSite","@id":"https:\/\/www.fira.edu.br\/site\/#website","url":"https:\/\/www.fira.edu.br\/site\/","name":"FACULDADES INTEGRADAS REGIONAIS DE AVAR\u00c9","description":"A tradi\u00e7\u00e3o \u00e9 nossa. A oportunidade \u00e9 sua.","publisher":{"@id":"https:\/\/www.fira.edu.br\/site\/#organization"},"potentialAction":[{"@type":"SearchAction","target":{"@type":"EntryPoint","urlTemplate":"https:\/\/www.fira.edu.br\/site\/?s={search_term_string}"},"query-input":{"@type":"PropertyValueSpecification","valueRequired":true,"valueName":"search_term_string"}}],"inLanguage":"pt-BR"},{"@type":"Organization","@id":"https:\/\/www.fira.edu.br\/site\/#organization","name":"FACULDADES INTEGRADAS REGIONAIS DE AVAR\u00c9","url":"https:\/\/www.fira.edu.br\/site\/","logo":{"@type":"ImageObject","inLanguage":"pt-BR","@id":"https:\/\/www.fira.edu.br\/site\/#\/schema\/logo\/image\/","url":"https:\/\/www.fira.edu.br\/site\/wp-content\/uploads\/2020\/12\/fira-teste-.png","contentUrl":"https:\/\/www.fira.edu.br\/site\/wp-content\/uploads\/2020\/12\/fira-teste-.png","width":105,"height":105,"caption":"FACULDADES INTEGRADAS REGIONAIS DE AVAR\u00c9"},"image":{"@id":"https:\/\/www.fira.edu.br\/site\/#\/schema\/logo\/image\/"}}]}},"jetpack_sharing_enabled":true,"_links":{"self":[{"href":"https:\/\/www.fira.edu.br\/site\/wp-json\/wp\/v2\/pages\/13594","targetHints":{"allow":["GET"]}}],"collection":[{"href":"https:\/\/www.fira.edu.br\/site\/wp-json\/wp\/v2\/pages"}],"about":[{"href":"https:\/\/www.fira.edu.br\/site\/wp-json\/wp\/v2\/types\/page"}],"author":[{"embeddable":true,"href":"https:\/\/www.fira.edu.br\/site\/wp-json\/wp\/v2\/users\/2"}],"replies":[{"embeddable":true,"href":"https:\/\/www.fira.edu.br\/site\/wp-json\/wp\/v2\/comments?post=13594"}],"version-history":[{"count":6,"href":"https:\/\/www.fira.edu.br\/site\/wp-json\/wp\/v2\/pages\/13594\/revisions"}],"predecessor-version":[{"id":13606,"href":"https:\/\/www.fira.edu.br\/site\/wp-json\/wp\/v2\/pages\/13594\/revisions\/13606"}],"wp:attachment":[{"href":"https:\/\/www.fira.edu.br\/site\/wp-json\/wp\/v2\/media?parent=13594"}],"curies":[{"name":"wp","href":"https:\/\/api.w.org\/{rel}","templated":true}]}}