{"id":140,"date":"2013-02-19T12:53:05","date_gmt":"2013-02-19T12:53:05","guid":{"rendered":"http:\/\/www.fira.edu.br\/site\/?page_id=140-old"},"modified":"2024-08-30T18:41:13","modified_gmt":"2024-08-30T18:41:13","slug":"educacao-fisica","status":"publish","type":"page","link":"https:\/\/www.fira.edu.br\/site\/educacao-fisica\/","title":{"rendered":"Educa\u00e7\u00e3o F\u00edsica"},"content":{"rendered":"\t\t<div data-elementor-type=\"wp-page\" data-elementor-id=\"140\" class=\"elementor elementor-140\">\n\t\t\t\t<div class=\"elementor-element elementor-element-a1e5d76 e-flex e-con-boxed e-con e-parent\" data-id=\"a1e5d76\" data-element_type=\"container\" data-e-type=\"container\">\n\t\t\t\t\t<div class=\"e-con-inner\">\n\t\t<div class=\"elementor-element elementor-element-e406838 e-flex e-con-boxed e-con e-child\" data-id=\"e406838\" data-element_type=\"container\" data-e-type=\"container\" data-settings=\"{&quot;background_background&quot;:&quot;classic&quot;}\">\n\t\t\t\t\t<div class=\"e-con-inner\">\n\t\t\t\t<div class=\"elementor-element elementor-element-cb528b5 elementor-view-default elementor-widget elementor-widget-icon\" data-id=\"cb528b5\" data-element_type=\"widget\" data-e-type=\"widget\" data-widget_type=\"icon.default\">\n\t\t\t\t<div class=\"elementor-widget-container\">\n\t\t\t\t\t\t\t<div class=\"elementor-icon-wrapper\">\n\t\t\t<div class=\"elementor-icon\">\n\t\t\t<i aria-hidden=\"true\" class=\"fas fa-running\"><\/i>\t\t\t<\/div>\n\t\t<\/div>\n\t\t\t\t\t\t<\/div>\n\t\t\t\t<\/div>\n\t\t\t\t<div class=\"elementor-element elementor-element-e678a39 elementor-widget elementor-widget-heading\" data-id=\"e678a39\" data-element_type=\"widget\" data-e-type=\"widget\" data-widget_type=\"heading.default\">\n\t\t\t\t<div class=\"elementor-widget-container\">\n\t\t\t\t\t<h2 class=\"elementor-heading-title elementor-size-default\">Educa\u00e7\u00e3o F\u00edsica<\/h2>\t\t\t\t<\/div>\n\t\t\t\t<\/div>\n\t\t\t\t\t<\/div>\n\t\t\t\t<\/div>\n\t\t\t\t\t<\/div>\n\t\t\t\t<\/div>\n\t\t<div class=\"elementor-element elementor-element-0fa8b99 e-flex e-con-boxed e-con e-parent\" data-id=\"0fa8b99\" data-element_type=\"container\" data-e-type=\"container\">\n\t\t\t\t\t<div class=\"e-con-inner\">\n\t\t\t\t<div class=\"elementor-element elementor-element-0e8a31b elementor-widget elementor-widget-text-editor\" data-id=\"0e8a31b\" data-element_type=\"widget\" data-e-type=\"widget\" data-widget_type=\"text-editor.default\">\n\t\t\t\t<div class=\"elementor-widget-container\">\n\t\t\t\t\t\t\t\t\t<p><strong>Licenciatura e Bacharelado em Educa\u00e7\u00e3o F\u00edsica<\/strong><\/p>\n<p>O curso de Educa\u00e7\u00e3o F\u00edsica Licenciatura&nbsp; da FIRA(Portaria CEE 314, publicado no DO de 20\/11\/2010), \u00e9 oferecido h\u00e1 mais de 35 anos, disponibiliza 140 vagas no per\u00edodo noturno. Destina-se \u00e0 forma\u00e7\u00e3o de professores para a Educa\u00e7\u00e3o Infantil,&nbsp; Ensino Fundamental e Ensino M\u00e9dio.<\/p>\n<p>O curso de Educa\u00e7\u00e3o F\u00edsica objetiva proporcionar ao licenciado:<br>\u2013 conhecimento necess\u00e1rio para a constru\u00e7\u00e3o de uma pr\u00e1tica pedag\u00f3gica capaz de adaptar-se \u00e0s demandas sociais e \u00e0 necessidade de atualiza\u00e7\u00e3o permanente;<br>\u2013 forma\u00e7\u00e3o s\u00f3lida de conte\u00fados, aliada a um conhecimento interdisciplinar, contextualizado, valorizador da autonomia intelectual e do desenvolvimento de compet\u00eancias cognitivas e habilidades;<br>\u2013 meios para elaborar e organizar programas de conte\u00fados em Educa\u00e7\u00e3o F\u00edsica, sobretudo no que concerne \u00e0s pr\u00e1ticas de esportes e atividades f\u00edsicas como fatores de socializa\u00e7\u00e3o, al\u00e9m do desenvolvimento de capacidades afetiva, f\u00edsica, cognitiva, \u00e9tica, est\u00e9tica, de inter-rela\u00e7\u00e3o pessoal e de inser\u00e7\u00e3o social,&nbsp; bem como a obten\u00e7\u00e3o de h\u00e1bitos saud\u00e1veis para agir com perseveran\u00e7a na busca de conhecimento e no exerc\u00edcio da cidadania.<\/p>\n<p>O Curso de Bacharelado em Educa\u00e7\u00e3o F\u00edsica (Portaria de autoriza\u00e7\u00e3o CEE 310 publicada no DO de 23\/07\/2011), tem como objetivo formar profissionais com base cient\u00edfica para compreender o desenvolvimento humano desde seu nascimento at\u00e9 a vida adulta. Com essa gradua\u00e7\u00e3o o aluno estar\u00e1 apto&nbsp; a desenvolver a\u00e7\u00f5es referentes como t\u00e9cnico esportivo, preparador f\u00edsico de atletas, atua\u00e7\u00e3o em clubes e academias, atividade f\u00edsica para crian\u00e7as, adultos, idosos e grupos portadores de necessidades especiais, associa\u00e7\u00f5es e clubes esportivos, hot\u00e9is, col\u00f4nias de f\u00e9rias, acampamentos, academias, centro de recupera\u00e7\u00e3o, assessorias, consultorias, empresas, treinamento personalizado, entidades comunit\u00e1rias e eventos esportivos.<\/p>\n<p>Dura\u00e7\u00e3o do curso:<\/p><p><span style=\"color: var( --e-global-color-3dfcb86 ); font-family: var( --e-global-typography-text-font-family ), Sans-serif; font-weight: var( --e-global-typography-text-font-weight ); text-align: var(--text-align);\">04 anos (08 semestres) Licenciatura<\/span><\/p><p><span style=\"color: var( --e-global-color-3dfcb86 ); font-family: var( --e-global-typography-text-font-family ), Sans-serif; font-weight: var( --e-global-typography-text-font-weight ); text-align: var(--text-align);\">04 anos (08 semestres) Bacharelado&nbsp;<\/span><\/p>\t\t\t\t\t\t\t\t<\/div>\n\t\t\t\t<\/div>\n\t\t\t\t\t<\/div>\n\t\t\t\t<\/div>\n\t\t<div class=\"elementor-element elementor-element-b707370 e-flex e-con-boxed e-con e-parent\" data-id=\"b707370\" data-element_type=\"container\" data-e-type=\"container\" data-settings=\"{&quot;background_background&quot;:&quot;classic&quot;}\">\n\t\t\t\t\t<div class=\"e-con-inner\">\n\t\t<div class=\"elementor-element elementor-element-a29257c e-con-full e-flex e-con e-child\" data-id=\"a29257c\" data-element_type=\"container\" data-e-type=\"container\">\n\t\t\t\t<div class=\"elementor-element elementor-element-936affd elementor-widget elementor-widget-eael-creative-button\" data-id=\"936affd\" data-element_type=\"widget\" data-e-type=\"widget\" data-widget_type=\"eael-creative-button.default\">\n\t\t\t\t<div class=\"elementor-widget-container\">\n\t\t\t\t\t        <div class=\"eael-creative-button-wrapper\">\n\n            <a class=\"eael-creative-button eael-creative-button--wayra eael-cb-icon-position-left\" href=\"https:\/\/www.fira.edu.br\/site\/wp-content\/uploads\/2024\/03\/MATRIZ-CURRICULAR-ED.-FISICA-FIRA-1.pdf\" target=\"_blank\" data-text=\"\">\n            \t    \n                <div class=\"creative-button-inner\">\n\n                                            <span class=\"eael-creative-button-icon-left\"><i aria-hidden=\"true\" class=\"fas fa-graduation-cap\"><\/i><\/span>                    \n                    <span class=\"cretive-button-text\"> Matriz Curricular - Ed. F\u00eds. Licenciatura <\/span>\n\n                                    <\/div>\n\t                        <\/a>\n        <\/div>\n        \t\t\t\t<\/div>\n\t\t\t\t<\/div>\n\t\t\t\t<\/div>\n\t\t<div class=\"elementor-element elementor-element-d0708d8 e-con-full e-flex e-con e-child\" data-id=\"d0708d8\" data-element_type=\"container\" data-e-type=\"container\">\n\t\t\t\t<div class=\"elementor-element elementor-element-007e7cb elementor-widget elementor-widget-eael-creative-button\" data-id=\"007e7cb\" data-element_type=\"widget\" data-e-type=\"widget\" data-widget_type=\"eael-creative-button.default\">\n\t\t\t\t<div class=\"elementor-widget-container\">\n\t\t\t\t\t        <div class=\"eael-creative-button-wrapper\">\n\n            <a class=\"eael-creative-button eael-creative-button--wayra eael-cb-icon-position-left\" href=\"https:\/\/www.fira.edu.br\/site\/wp-content\/uploads\/2024\/08\/MATRIZ-CURRICULAR-ED-FISICA-BACH-FIRA-2024-.pdf\" target=\"_blank\" data-text=\"\">\n            \t    \n                <div class=\"creative-button-inner\">\n\n                                            <span class=\"eael-creative-button-icon-left\"><i aria-hidden=\"true\" class=\"fas fa-graduation-cap\"><\/i><\/span>                    \n                    <span class=\"cretive-button-text\"> Matriz Curricular - Ed. F\u00eds. Bacharelado <\/span>\n\n                                    <\/div>\n\t                        <\/a>\n        <\/div>\n        \t\t\t\t<\/div>\n\t\t\t\t<\/div>\n\t\t\t\t<\/div>\n\t\t\t\t\t<\/div>\n\t\t\t\t<\/div>\n\t\t<div class=\"elementor-element elementor-element-78622fb e-flex e-con-boxed e-con e-parent\" data-id=\"78622fb\" data-element_type=\"container\" data-e-type=\"container\">\n\t\t\t\t\t<div class=\"e-con-inner\">\n\t\t\t\t<div class=\"elementor-element elementor-element-a35ea7d elementor-widget elementor-widget-image\" data-id=\"a35ea7d\" data-element_type=\"widget\" data-e-type=\"widget\" data-widget_type=\"image.default\">\n\t\t\t\t<div class=\"elementor-widget-container\">\n\t\t\t\t\t\t\t\t\t\t\t\t\t\t\t<img fetchpriority=\"high\" decoding=\"async\" width=\"768\" height=\"960\" src=\"https:\/\/www.fira.edu.br\/site\/wp-content\/uploads\/2021\/11\/educacao-fisica-fira-2021-1-768x960.jpg\" class=\"attachment-medium_large size-medium_large wp-image-13431\" alt=\"\" srcset=\"https:\/\/www.fira.edu.br\/site\/wp-content\/uploads\/2021\/11\/educacao-fisica-fira-2021-1-768x960.jpg 768w, https:\/\/www.fira.edu.br\/site\/wp-content\/uploads\/2021\/11\/educacao-fisica-fira-2021-1-240x300.jpg 240w, https:\/\/www.fira.edu.br\/site\/wp-content\/uploads\/2021\/11\/educacao-fisica-fira-2021-1-819x1024.jpg 819w, https:\/\/www.fira.edu.br\/site\/wp-content\/uploads\/2021\/11\/educacao-fisica-fira-2021-1-1024x1280.jpg 1024w, https:\/\/www.fira.edu.br\/site\/wp-content\/uploads\/2021\/11\/educacao-fisica-fira-2021-1-864x1080.jpg 864w, https:\/\/www.fira.edu.br\/site\/wp-content\/uploads\/2021\/11\/educacao-fisica-fira-2021-1.jpg 1080w\" sizes=\"(max-width: 768px) 100vw, 768px\" \/>\t\t\t\t\t\t\t\t\t\t\t\t\t\t\t<\/div>\n\t\t\t\t<\/div>\n\t\t\t\t\t<\/div>\n\t\t\t\t<\/div>\n\t\t\t\t<\/div>\n\t\t","protected":false},"excerpt":{"rendered":"<p>Educa\u00e7\u00e3o F\u00edsica Licenciatura e Bacharelado em Educa\u00e7\u00e3o F\u00edsica O curso de Educa\u00e7\u00e3o F\u00edsica Licenciatura&nbsp; da FIRA(Portaria CEE 314, publicado no DO de 20\/11\/2010), \u00e9 oferecido h\u00e1 mais de 35 anos, disponibiliza 140 vagas no per\u00edodo noturno. Destina-se \u00e0 forma\u00e7\u00e3o de professores para a Educa\u00e7\u00e3o Infantil,&nbsp; Ensino Fundamental e Ensino M\u00e9dio. O curso de Educa\u00e7\u00e3o F\u00edsica&hellip; <br \/> <a class=\"read-more\" href=\"https:\/\/www.fira.edu.br\/site\/educacao-fisica\/\">Leia mais<\/a><\/p>\n","protected":false},"author":2,"featured_media":13431,"parent":0,"menu_order":0,"comment_status":"closed","ping_status":"closed","template":"","meta":{"_joinchat":[],"footnotes":""},"class_list":["post-140","page","type-page","status-publish","has-post-thumbnail","hentry"],"yoast_head":"<!-- This site is optimized with the Yoast SEO plugin v27.4 - https:\/\/yoast.com\/product\/yoast-seo-wordpress\/ -->\n<title>Educa\u00e7\u00e3o F\u00edsica - FIRA<\/title>\n<meta name=\"description\" content=\"Venha fazer educa\u00e7\u00e3o f\u00edsica na FIRA.\" \/>\n<meta name=\"robots\" content=\"index, follow, max-snippet:-1, max-image-preview:large, max-video-preview:-1\" \/>\n<link rel=\"canonical\" href=\"https:\/\/www.fira.edu.br\/site\/educacao-fisica\/\" \/>\n<meta property=\"og:locale\" content=\"pt_BR\" \/>\n<meta property=\"og:type\" content=\"article\" \/>\n<meta property=\"og:title\" content=\"Educa\u00e7\u00e3o F\u00edsica - FIRA\" \/>\n<meta property=\"og:description\" content=\"Venha fazer educa\u00e7\u00e3o f\u00edsica na FIRA.\" \/>\n<meta property=\"og:url\" content=\"https:\/\/www.fira.edu.br\/site\/educacao-fisica\/\" \/>\n<meta property=\"og:site_name\" content=\"FACULDADES INTEGRADAS REGIONAIS DE AVAR\u00c9\" \/>\n<meta property=\"article:modified_time\" content=\"2024-08-30T18:41:13+00:00\" \/>\n<meta property=\"og:image\" content=\"https:\/\/www.fira.edu.br\/site\/wp-content\/uploads\/2021\/11\/educacao-fisica-fira-2021-1.jpg\" \/>\n\t<meta property=\"og:image:width\" content=\"1080\" \/>\n\t<meta property=\"og:image:height\" content=\"1350\" \/>\n\t<meta property=\"og:image:type\" content=\"image\/jpeg\" \/>\n<meta name=\"twitter:label1\" content=\"Est. tempo de leitura\" \/>\n\t<meta name=\"twitter:data1\" content=\"2 minutos\" \/>\n<script type=\"application\/ld+json\" class=\"yoast-schema-graph\">{\"@context\":\"https:\\\/\\\/schema.org\",\"@graph\":[{\"@type\":\"WebPage\",\"@id\":\"https:\\\/\\\/www.fira.edu.br\\\/site\\\/educacao-fisica\\\/\",\"url\":\"https:\\\/\\\/www.fira.edu.br\\\/site\\\/educacao-fisica\\\/\",\"name\":\"Educa\u00e7\u00e3o F\u00edsica - FIRA\",\"isPartOf\":{\"@id\":\"https:\\\/\\\/www.fira.edu.br\\\/site\\\/#website\"},\"primaryImageOfPage\":{\"@id\":\"https:\\\/\\\/www.fira.edu.br\\\/site\\\/educacao-fisica\\\/#primaryimage\"},\"image\":{\"@id\":\"https:\\\/\\\/www.fira.edu.br\\\/site\\\/educacao-fisica\\\/#primaryimage\"},\"thumbnailUrl\":\"https:\\\/\\\/www.fira.edu.br\\\/site\\\/wp-content\\\/uploads\\\/2021\\\/11\\\/educacao-fisica-fira-2021-1.jpg\",\"datePublished\":\"2013-02-19T12:53:05+00:00\",\"dateModified\":\"2024-08-30T18:41:13+00:00\",\"description\":\"Venha fazer educa\u00e7\u00e3o f\u00edsica na FIRA.\",\"breadcrumb\":{\"@id\":\"https:\\\/\\\/www.fira.edu.br\\\/site\\\/educacao-fisica\\\/#breadcrumb\"},\"inLanguage\":\"pt-BR\",\"potentialAction\":[{\"@type\":\"ReadAction\",\"target\":[\"https:\\\/\\\/www.fira.edu.br\\\/site\\\/educacao-fisica\\\/\"]}]},{\"@type\":\"ImageObject\",\"inLanguage\":\"pt-BR\",\"@id\":\"https:\\\/\\\/www.fira.edu.br\\\/site\\\/educacao-fisica\\\/#primaryimage\",\"url\":\"https:\\\/\\\/www.fira.edu.br\\\/site\\\/wp-content\\\/uploads\\\/2021\\\/11\\\/educacao-fisica-fira-2021-1.jpg\",\"contentUrl\":\"https:\\\/\\\/www.fira.edu.br\\\/site\\\/wp-content\\\/uploads\\\/2021\\\/11\\\/educacao-fisica-fira-2021-1.jpg\",\"width\":1080,\"height\":1350},{\"@type\":\"BreadcrumbList\",\"@id\":\"https:\\\/\\\/www.fira.edu.br\\\/site\\\/educacao-fisica\\\/#breadcrumb\",\"itemListElement\":[{\"@type\":\"ListItem\",\"position\":1,\"name\":\"In\u00edcio\",\"item\":\"https:\\\/\\\/www.fira.edu.br\\\/site\\\/\"},{\"@type\":\"ListItem\",\"position\":2,\"name\":\"Educa\u00e7\u00e3o F\u00edsica\"}]},{\"@type\":\"WebSite\",\"@id\":\"https:\\\/\\\/www.fira.edu.br\\\/site\\\/#website\",\"url\":\"https:\\\/\\\/www.fira.edu.br\\\/site\\\/\",\"name\":\"FACULDADES INTEGRADAS REGIONAIS DE AVAR\u00c9\",\"description\":\"A tradi\u00e7\u00e3o \u00e9 nossa. A oportunidade \u00e9 sua.\",\"publisher\":{\"@id\":\"https:\\\/\\\/www.fira.edu.br\\\/site\\\/#organization\"},\"potentialAction\":[{\"@type\":\"SearchAction\",\"target\":{\"@type\":\"EntryPoint\",\"urlTemplate\":\"https:\\\/\\\/www.fira.edu.br\\\/site\\\/?s={search_term_string}\"},\"query-input\":{\"@type\":\"PropertyValueSpecification\",\"valueRequired\":true,\"valueName\":\"search_term_string\"}}],\"inLanguage\":\"pt-BR\"},{\"@type\":\"Organization\",\"@id\":\"https:\\\/\\\/www.fira.edu.br\\\/site\\\/#organization\",\"name\":\"FACULDADES INTEGRADAS REGIONAIS DE AVAR\u00c9\",\"url\":\"https:\\\/\\\/www.fira.edu.br\\\/site\\\/\",\"logo\":{\"@type\":\"ImageObject\",\"inLanguage\":\"pt-BR\",\"@id\":\"https:\\\/\\\/www.fira.edu.br\\\/site\\\/#\\\/schema\\\/logo\\\/image\\\/\",\"url\":\"https:\\\/\\\/www.fira.edu.br\\\/site\\\/wp-content\\\/uploads\\\/2020\\\/12\\\/fira-teste-.png\",\"contentUrl\":\"https:\\\/\\\/www.fira.edu.br\\\/site\\\/wp-content\\\/uploads\\\/2020\\\/12\\\/fira-teste-.png\",\"width\":105,\"height\":105,\"caption\":\"FACULDADES INTEGRADAS REGIONAIS DE AVAR\u00c9\"},\"image\":{\"@id\":\"https:\\\/\\\/www.fira.edu.br\\\/site\\\/#\\\/schema\\\/logo\\\/image\\\/\"}}]}<\/script>\n<!-- \/ Yoast SEO plugin. -->","yoast_head_json":{"title":"Educa\u00e7\u00e3o F\u00edsica - FIRA","description":"Venha fazer educa\u00e7\u00e3o f\u00edsica na FIRA.","robots":{"index":"index","follow":"follow","max-snippet":"max-snippet:-1","max-image-preview":"max-image-preview:large","max-video-preview":"max-video-preview:-1"},"canonical":"https:\/\/www.fira.edu.br\/site\/educacao-fisica\/","og_locale":"pt_BR","og_type":"article","og_title":"Educa\u00e7\u00e3o F\u00edsica - FIRA","og_description":"Venha fazer educa\u00e7\u00e3o f\u00edsica na FIRA.","og_url":"https:\/\/www.fira.edu.br\/site\/educacao-fisica\/","og_site_name":"FACULDADES INTEGRADAS REGIONAIS DE AVAR\u00c9","article_modified_time":"2024-08-30T18:41:13+00:00","og_image":[{"width":1080,"height":1350,"url":"https:\/\/www.fira.edu.br\/site\/wp-content\/uploads\/2021\/11\/educacao-fisica-fira-2021-1.jpg","type":"image\/jpeg"}],"twitter_misc":{"Est. tempo de leitura":"2 minutos"},"schema":{"@context":"https:\/\/schema.org","@graph":[{"@type":"WebPage","@id":"https:\/\/www.fira.edu.br\/site\/educacao-fisica\/","url":"https:\/\/www.fira.edu.br\/site\/educacao-fisica\/","name":"Educa\u00e7\u00e3o F\u00edsica - FIRA","isPartOf":{"@id":"https:\/\/www.fira.edu.br\/site\/#website"},"primaryImageOfPage":{"@id":"https:\/\/www.fira.edu.br\/site\/educacao-fisica\/#primaryimage"},"image":{"@id":"https:\/\/www.fira.edu.br\/site\/educacao-fisica\/#primaryimage"},"thumbnailUrl":"https:\/\/www.fira.edu.br\/site\/wp-content\/uploads\/2021\/11\/educacao-fisica-fira-2021-1.jpg","datePublished":"2013-02-19T12:53:05+00:00","dateModified":"2024-08-30T18:41:13+00:00","description":"Venha fazer educa\u00e7\u00e3o f\u00edsica na FIRA.","breadcrumb":{"@id":"https:\/\/www.fira.edu.br\/site\/educacao-fisica\/#breadcrumb"},"inLanguage":"pt-BR","potentialAction":[{"@type":"ReadAction","target":["https:\/\/www.fira.edu.br\/site\/educacao-fisica\/"]}]},{"@type":"ImageObject","inLanguage":"pt-BR","@id":"https:\/\/www.fira.edu.br\/site\/educacao-fisica\/#primaryimage","url":"https:\/\/www.fira.edu.br\/site\/wp-content\/uploads\/2021\/11\/educacao-fisica-fira-2021-1.jpg","contentUrl":"https:\/\/www.fira.edu.br\/site\/wp-content\/uploads\/2021\/11\/educacao-fisica-fira-2021-1.jpg","width":1080,"height":1350},{"@type":"BreadcrumbList","@id":"https:\/\/www.fira.edu.br\/site\/educacao-fisica\/#breadcrumb","itemListElement":[{"@type":"ListItem","position":1,"name":"In\u00edcio","item":"https:\/\/www.fira.edu.br\/site\/"},{"@type":"ListItem","position":2,"name":"Educa\u00e7\u00e3o F\u00edsica"}]},{"@type":"WebSite","@id":"https:\/\/www.fira.edu.br\/site\/#website","url":"https:\/\/www.fira.edu.br\/site\/","name":"FACULDADES INTEGRADAS REGIONAIS DE AVAR\u00c9","description":"A tradi\u00e7\u00e3o \u00e9 nossa. A oportunidade \u00e9 sua.","publisher":{"@id":"https:\/\/www.fira.edu.br\/site\/#organization"},"potentialAction":[{"@type":"SearchAction","target":{"@type":"EntryPoint","urlTemplate":"https:\/\/www.fira.edu.br\/site\/?s={search_term_string}"},"query-input":{"@type":"PropertyValueSpecification","valueRequired":true,"valueName":"search_term_string"}}],"inLanguage":"pt-BR"},{"@type":"Organization","@id":"https:\/\/www.fira.edu.br\/site\/#organization","name":"FACULDADES INTEGRADAS REGIONAIS DE AVAR\u00c9","url":"https:\/\/www.fira.edu.br\/site\/","logo":{"@type":"ImageObject","inLanguage":"pt-BR","@id":"https:\/\/www.fira.edu.br\/site\/#\/schema\/logo\/image\/","url":"https:\/\/www.fira.edu.br\/site\/wp-content\/uploads\/2020\/12\/fira-teste-.png","contentUrl":"https:\/\/www.fira.edu.br\/site\/wp-content\/uploads\/2020\/12\/fira-teste-.png","width":105,"height":105,"caption":"FACULDADES INTEGRADAS REGIONAIS DE AVAR\u00c9"},"image":{"@id":"https:\/\/www.fira.edu.br\/site\/#\/schema\/logo\/image\/"}}]}},"jetpack_sharing_enabled":true,"_links":{"self":[{"href":"https:\/\/www.fira.edu.br\/site\/wp-json\/wp\/v2\/pages\/140","targetHints":{"allow":["GET"]}}],"collection":[{"href":"https:\/\/www.fira.edu.br\/site\/wp-json\/wp\/v2\/pages"}],"about":[{"href":"https:\/\/www.fira.edu.br\/site\/wp-json\/wp\/v2\/types\/page"}],"author":[{"embeddable":true,"href":"https:\/\/www.fira.edu.br\/site\/wp-json\/wp\/v2\/users\/2"}],"replies":[{"embeddable":true,"href":"https:\/\/www.fira.edu.br\/site\/wp-json\/wp\/v2\/comments?post=140"}],"version-history":[{"count":30,"href":"https:\/\/www.fira.edu.br\/site\/wp-json\/wp\/v2\/pages\/140\/revisions"}],"predecessor-version":[{"id":15550,"href":"https:\/\/www.fira.edu.br\/site\/wp-json\/wp\/v2\/pages\/140\/revisions\/15550"}],"wp:featuredmedia":[{"embeddable":true,"href":"https:\/\/www.fira.edu.br\/site\/wp-json\/wp\/v2\/media\/13431"}],"wp:attachment":[{"href":"https:\/\/www.fira.edu.br\/site\/wp-json\/wp\/v2\/media?parent=140"}],"curies":[{"name":"wp","href":"https:\/\/api.w.org\/{rel}","templated":true}]}}