{"id":147,"date":"2013-02-19T12:59:39","date_gmt":"2013-02-19T12:59:39","guid":{"rendered":"http:\/\/www.fira.edu.br\/site\/?page_id=147-old"},"modified":"2024-08-30T17:21:35","modified_gmt":"2024-08-30T17:21:35","slug":"historia","status":"publish","type":"page","link":"https:\/\/www.fira.edu.br\/site\/historia\/","title":{"rendered":"Hist\u00f3ria"},"content":{"rendered":"\t\t<div data-elementor-type=\"wp-page\" data-elementor-id=\"147\" class=\"elementor elementor-147\">\n\t\t\t\t<div class=\"elementor-element elementor-element-4b00b38e e-flex e-con-boxed e-con e-parent\" data-id=\"4b00b38e\" data-element_type=\"container\" data-e-type=\"container\" data-settings=\"{&quot;background_background&quot;:&quot;classic&quot;}\">\n\t\t\t\t\t<div class=\"e-con-inner\">\n\t\t\t\t<div class=\"elementor-element elementor-element-62efebfb elementor-view-default elementor-widget elementor-widget-icon\" data-id=\"62efebfb\" data-element_type=\"widget\" data-e-type=\"widget\" data-widget_type=\"icon.default\">\n\t\t\t\t<div class=\"elementor-widget-container\">\n\t\t\t\t\t\t\t<div class=\"elementor-icon-wrapper\">\n\t\t\t<div class=\"elementor-icon\">\n\t\t\t<i aria-hidden=\"true\" class=\"fas fa-landmark\"><\/i>\t\t\t<\/div>\n\t\t<\/div>\n\t\t\t\t\t\t<\/div>\n\t\t\t\t<\/div>\n\t\t\t\t<div class=\"elementor-element elementor-element-59369468 elementor-widget elementor-widget-heading\" data-id=\"59369468\" data-element_type=\"widget\" data-e-type=\"widget\" data-widget_type=\"heading.default\">\n\t\t\t\t<div class=\"elementor-widget-container\">\n\t\t\t\t\t<h2 class=\"elementor-heading-title elementor-size-default\">Hist\u00f3ria<\/h2>\t\t\t\t<\/div>\n\t\t\t\t<\/div>\n\t\t\t\t\t<\/div>\n\t\t\t\t<\/div>\n\t\t<div class=\"elementor-element elementor-element-2f3d85d e-flex e-con-boxed e-con e-parent\" data-id=\"2f3d85d\" data-element_type=\"container\" data-e-type=\"container\">\n\t\t\t\t\t<div class=\"e-con-inner\">\n\t\t\t\t<div class=\"elementor-element elementor-element-804c36a elementor-widget elementor-widget-text-editor\" data-id=\"804c36a\" data-element_type=\"widget\" data-e-type=\"widget\" data-widget_type=\"text-editor.default\">\n\t\t\t\t<div class=\"elementor-widget-container\">\n\t\t\t\t\t\t\t\t\t<p><strong>Licenciatura em Hist\u00f3ria<\/strong><\/p><p>Objetivos Principais:<br \/>1) Formar profissionais competentes e conscientes do exerc\u00edcio das atividades docentes, al\u00e9m de estimular e desenvolver pesquisas;<br \/>2) Fornecer ao futuro historiador, em suas m\u00faltiplas \u00e1reas de atua\u00e7\u00e3o, o conhecimento dos conceitos e pr\u00e1ticas que possibilitem o desenvolvimento de postura \u00e9tico-profissional coerente e respons\u00e1vel, estimulando a atitude cr\u00edtica e reflexiva sobre os fatos hist\u00f3ricos e sua \u00e1rea de abrang\u00eancia.<br \/>3) Dar forma\u00e7\u00e3o s\u00f3lida de conte\u00fados, aliada a um conhecimento interdisciplinar contextualizado, valorizador da autonomia intelectual e do desenvolvimento de compet\u00eancias cognitivas e habilidades.<br \/>4) Aplicar m\u00e9todos para debater a Hist\u00f3ria local e nacional, estabelecendo rela\u00e7\u00f5es com a Hist\u00f3ria mundial e com a Filosofia;<br \/>5) Fornecer meios para que o profissional saiba elaborar, selecionar e organizar material did\u00e1tico para o ensino de Hist\u00f3ria, Filosofia e Geografia;<\/p><p>Mercado de trabalho<br \/>O curso de Hist\u00f3ria destina-se \u00e0 forma\u00e7\u00e3o de docentes para lecionar Hist\u00f3ria tanto no Ensino Fundamental como no Ensino M\u00e9dio. Al\u00e9m disso, na falta de professores habilitados em Filosofia ou Geografia, nosso egresso poder\u00e1 ministrar aulas dessas duas disciplinas. Poder\u00e1 ainda dedicar-se a estudos espec\u00edficos de p\u00f3s-gradua\u00e7\u00e3o, dedicando-se \u00e0 pesquisa hist\u00f3rica.<\/p><p>Dura\u00e7\u00e3o do curso: 04 anos (08 semestres).<\/p>\t\t\t\t\t\t\t\t<\/div>\n\t\t\t\t<\/div>\n\t\t\t\t<div class=\"elementor-element elementor-element-608ddc67 elementor-widget elementor-widget-eael-creative-button\" data-id=\"608ddc67\" data-element_type=\"widget\" data-e-type=\"widget\" data-widget_type=\"eael-creative-button.default\">\n\t\t\t\t<div class=\"elementor-widget-container\">\n\t\t\t\t\t        <div class=\"eael-creative-button-wrapper\">\n\n            <a class=\"eael-creative-button eael-creative-button--wayra eael-cb-icon-position-left\" href=\"https:\/\/www.fira.edu.br\/site\/wp-content\/uploads\/2024\/03\/MATRIZ-CURRICULAR-HISTORIA-FIRA.pdf\" target=\"_blank\" data-text=\"\">\n            \t    \n                <div class=\"creative-button-inner\">\n\n                                            <span class=\"eael-creative-button-icon-left\"><i aria-hidden=\"true\" class=\"fas fa-graduation-cap\"><\/i><\/span>                    \n                    <span class=\"cretive-button-text\">Matriz Curricular <\/span>\n\n                                    <\/div>\n\t                        <\/a>\n        <\/div>\n        \t\t\t\t<\/div>\n\t\t\t\t<\/div>\n\t\t\t\t\t<\/div>\n\t\t\t\t<\/div>\n\t\t<div class=\"elementor-element elementor-element-67a6b3e e-flex e-con-boxed e-con e-parent\" data-id=\"67a6b3e\" data-element_type=\"container\" data-e-type=\"container\">\n\t\t\t\t\t<div class=\"e-con-inner\">\n\t\t\t\t<div class=\"elementor-element elementor-element-5dc3c44f elementor-widget elementor-widget-image\" data-id=\"5dc3c44f\" data-element_type=\"widget\" data-e-type=\"widget\" data-widget_type=\"image.default\">\n\t\t\t\t<div class=\"elementor-widget-container\">\n\t\t\t\t\t\t\t\t\t\t\t\t\t\t\t<img fetchpriority=\"high\" decoding=\"async\" width=\"768\" height=\"960\" src=\"https:\/\/www.fira.edu.br\/site\/wp-content\/uploads\/2021\/11\/historia-fira-2021-768x960.jpg\" class=\"attachment-medium_large size-medium_large wp-image-13345\" alt=\"Matriz Curricular Cursos de Hist\u00f3ria\" srcset=\"https:\/\/www.fira.edu.br\/site\/wp-content\/uploads\/2021\/11\/historia-fira-2021-768x960.jpg 768w, https:\/\/www.fira.edu.br\/site\/wp-content\/uploads\/2021\/11\/historia-fira-2021-240x300.jpg 240w, https:\/\/www.fira.edu.br\/site\/wp-content\/uploads\/2021\/11\/historia-fira-2021-819x1024.jpg 819w, https:\/\/www.fira.edu.br\/site\/wp-content\/uploads\/2021\/11\/historia-fira-2021-1024x1280.jpg 1024w, https:\/\/www.fira.edu.br\/site\/wp-content\/uploads\/2021\/11\/historia-fira-2021-864x1080.jpg 864w, https:\/\/www.fira.edu.br\/site\/wp-content\/uploads\/2021\/11\/historia-fira-2021.jpg 1080w\" sizes=\"(max-width: 768px) 100vw, 768px\" \/>\t\t\t\t\t\t\t\t\t\t\t\t\t\t\t<\/div>\n\t\t\t\t<\/div>\n\t\t\t\t\t<\/div>\n\t\t\t\t<\/div>\n\t\t\t\t<\/div>\n\t\t","protected":false},"excerpt":{"rendered":"<p>Hist\u00f3ria Licenciatura em Hist\u00f3ria Objetivos Principais:1) Formar profissionais competentes e conscientes do exerc\u00edcio das atividades docentes, al\u00e9m de estimular e desenvolver pesquisas;2) Fornecer ao futuro historiador, em suas m\u00faltiplas \u00e1reas de atua\u00e7\u00e3o, o conhecimento dos conceitos e pr\u00e1ticas que possibilitem o desenvolvimento de postura \u00e9tico-profissional coerente e respons\u00e1vel, estimulando a atitude cr\u00edtica e reflexiva sobre&hellip; <br \/> <a class=\"read-more\" href=\"https:\/\/www.fira.edu.br\/site\/historia\/\">Leia mais<\/a><\/p>\n","protected":false},"author":2,"featured_media":13432,"parent":0,"menu_order":0,"comment_status":"closed","ping_status":"closed","template":"","meta":{"_joinchat":[],"footnotes":""},"class_list":["post-147","page","type-page","status-publish","has-post-thumbnail","hentry"],"yoast_head":"<!-- This site is optimized with the Yoast SEO plugin v27.4 - https:\/\/yoast.com\/product\/yoast-seo-wordpress\/ -->\n<title>Hist\u00f3ria - FIRA- FACULDADES INTEGRADAS REGIONAIS DE AVAR\u00c9<\/title>\n<meta name=\"description\" content=\"Venha fazer hist\u00f3ria na FIRA. Acesse para obter maiores informa\u00e7\u00f5es.\" \/>\n<meta name=\"robots\" content=\"index, follow, max-snippet:-1, max-image-preview:large, max-video-preview:-1\" \/>\n<link rel=\"canonical\" href=\"https:\/\/www.fira.edu.br\/site\/historia\/\" \/>\n<meta property=\"og:locale\" content=\"pt_BR\" \/>\n<meta property=\"og:type\" content=\"article\" \/>\n<meta property=\"og:title\" content=\"Hist\u00f3ria - FIRA- FACULDADES INTEGRADAS REGIONAIS DE AVAR\u00c9\" \/>\n<meta property=\"og:description\" content=\"Venha fazer hist\u00f3ria na FIRA. Acesse para obter maiores informa\u00e7\u00f5es.\" \/>\n<meta property=\"og:url\" content=\"https:\/\/www.fira.edu.br\/site\/historia\/\" \/>\n<meta property=\"og:site_name\" content=\"FACULDADES INTEGRADAS REGIONAIS DE AVAR\u00c9\" \/>\n<meta property=\"article:modified_time\" content=\"2024-08-30T17:21:35+00:00\" \/>\n<meta property=\"og:image\" content=\"https:\/\/www.fira.edu.br\/site\/wp-content\/uploads\/2021\/11\/historia-fira-2021-1.jpg\" \/>\n\t<meta property=\"og:image:width\" content=\"1080\" \/>\n\t<meta property=\"og:image:height\" content=\"1350\" \/>\n\t<meta property=\"og:image:type\" content=\"image\/jpeg\" \/>\n<meta name=\"twitter:label1\" content=\"Est. tempo de leitura\" \/>\n\t<meta name=\"twitter:data1\" content=\"2 minutos\" \/>\n<script type=\"application\/ld+json\" class=\"yoast-schema-graph\">{\"@context\":\"https:\\\/\\\/schema.org\",\"@graph\":[{\"@type\":\"WebPage\",\"@id\":\"https:\\\/\\\/www.fira.edu.br\\\/site\\\/historia\\\/\",\"url\":\"https:\\\/\\\/www.fira.edu.br\\\/site\\\/historia\\\/\",\"name\":\"Hist\u00f3ria - FIRA- FACULDADES INTEGRADAS REGIONAIS DE AVAR\u00c9\",\"isPartOf\":{\"@id\":\"https:\\\/\\\/www.fira.edu.br\\\/site\\\/#website\"},\"primaryImageOfPage\":{\"@id\":\"https:\\\/\\\/www.fira.edu.br\\\/site\\\/historia\\\/#primaryimage\"},\"image\":{\"@id\":\"https:\\\/\\\/www.fira.edu.br\\\/site\\\/historia\\\/#primaryimage\"},\"thumbnailUrl\":\"https:\\\/\\\/www.fira.edu.br\\\/site\\\/wp-content\\\/uploads\\\/2021\\\/11\\\/historia-fira-2021-1.jpg\",\"datePublished\":\"2013-02-19T12:59:39+00:00\",\"dateModified\":\"2024-08-30T17:21:35+00:00\",\"description\":\"Venha fazer hist\u00f3ria na FIRA. Acesse para obter maiores informa\u00e7\u00f5es.\",\"breadcrumb\":{\"@id\":\"https:\\\/\\\/www.fira.edu.br\\\/site\\\/historia\\\/#breadcrumb\"},\"inLanguage\":\"pt-BR\",\"potentialAction\":[{\"@type\":\"ReadAction\",\"target\":[\"https:\\\/\\\/www.fira.edu.br\\\/site\\\/historia\\\/\"]}]},{\"@type\":\"ImageObject\",\"inLanguage\":\"pt-BR\",\"@id\":\"https:\\\/\\\/www.fira.edu.br\\\/site\\\/historia\\\/#primaryimage\",\"url\":\"https:\\\/\\\/www.fira.edu.br\\\/site\\\/wp-content\\\/uploads\\\/2021\\\/11\\\/historia-fira-2021-1.jpg\",\"contentUrl\":\"https:\\\/\\\/www.fira.edu.br\\\/site\\\/wp-content\\\/uploads\\\/2021\\\/11\\\/historia-fira-2021-1.jpg\",\"width\":1080,\"height\":1350},{\"@type\":\"BreadcrumbList\",\"@id\":\"https:\\\/\\\/www.fira.edu.br\\\/site\\\/historia\\\/#breadcrumb\",\"itemListElement\":[{\"@type\":\"ListItem\",\"position\":1,\"name\":\"In\u00edcio\",\"item\":\"https:\\\/\\\/www.fira.edu.br\\\/site\\\/\"},{\"@type\":\"ListItem\",\"position\":2,\"name\":\"Hist\u00f3ria\"}]},{\"@type\":\"WebSite\",\"@id\":\"https:\\\/\\\/www.fira.edu.br\\\/site\\\/#website\",\"url\":\"https:\\\/\\\/www.fira.edu.br\\\/site\\\/\",\"name\":\"FACULDADES INTEGRADAS REGIONAIS DE AVAR\u00c9\",\"description\":\"A tradi\u00e7\u00e3o \u00e9 nossa. A oportunidade \u00e9 sua.\",\"publisher\":{\"@id\":\"https:\\\/\\\/www.fira.edu.br\\\/site\\\/#organization\"},\"potentialAction\":[{\"@type\":\"SearchAction\",\"target\":{\"@type\":\"EntryPoint\",\"urlTemplate\":\"https:\\\/\\\/www.fira.edu.br\\\/site\\\/?s={search_term_string}\"},\"query-input\":{\"@type\":\"PropertyValueSpecification\",\"valueRequired\":true,\"valueName\":\"search_term_string\"}}],\"inLanguage\":\"pt-BR\"},{\"@type\":\"Organization\",\"@id\":\"https:\\\/\\\/www.fira.edu.br\\\/site\\\/#organization\",\"name\":\"FACULDADES INTEGRADAS REGIONAIS DE AVAR\u00c9\",\"url\":\"https:\\\/\\\/www.fira.edu.br\\\/site\\\/\",\"logo\":{\"@type\":\"ImageObject\",\"inLanguage\":\"pt-BR\",\"@id\":\"https:\\\/\\\/www.fira.edu.br\\\/site\\\/#\\\/schema\\\/logo\\\/image\\\/\",\"url\":\"https:\\\/\\\/www.fira.edu.br\\\/site\\\/wp-content\\\/uploads\\\/2020\\\/12\\\/fira-teste-.png\",\"contentUrl\":\"https:\\\/\\\/www.fira.edu.br\\\/site\\\/wp-content\\\/uploads\\\/2020\\\/12\\\/fira-teste-.png\",\"width\":105,\"height\":105,\"caption\":\"FACULDADES INTEGRADAS REGIONAIS DE AVAR\u00c9\"},\"image\":{\"@id\":\"https:\\\/\\\/www.fira.edu.br\\\/site\\\/#\\\/schema\\\/logo\\\/image\\\/\"}}]}<\/script>\n<!-- \/ Yoast SEO plugin. -->","yoast_head_json":{"title":"Hist\u00f3ria - FIRA- FACULDADES INTEGRADAS REGIONAIS DE AVAR\u00c9","description":"Venha fazer hist\u00f3ria na FIRA. Acesse para obter maiores informa\u00e7\u00f5es.","robots":{"index":"index","follow":"follow","max-snippet":"max-snippet:-1","max-image-preview":"max-image-preview:large","max-video-preview":"max-video-preview:-1"},"canonical":"https:\/\/www.fira.edu.br\/site\/historia\/","og_locale":"pt_BR","og_type":"article","og_title":"Hist\u00f3ria - FIRA- FACULDADES INTEGRADAS REGIONAIS DE AVAR\u00c9","og_description":"Venha fazer hist\u00f3ria na FIRA. Acesse para obter maiores informa\u00e7\u00f5es.","og_url":"https:\/\/www.fira.edu.br\/site\/historia\/","og_site_name":"FACULDADES INTEGRADAS REGIONAIS DE AVAR\u00c9","article_modified_time":"2024-08-30T17:21:35+00:00","og_image":[{"width":1080,"height":1350,"url":"https:\/\/www.fira.edu.br\/site\/wp-content\/uploads\/2021\/11\/historia-fira-2021-1.jpg","type":"image\/jpeg"}],"twitter_misc":{"Est. tempo de leitura":"2 minutos"},"schema":{"@context":"https:\/\/schema.org","@graph":[{"@type":"WebPage","@id":"https:\/\/www.fira.edu.br\/site\/historia\/","url":"https:\/\/www.fira.edu.br\/site\/historia\/","name":"Hist\u00f3ria - FIRA- FACULDADES INTEGRADAS REGIONAIS DE AVAR\u00c9","isPartOf":{"@id":"https:\/\/www.fira.edu.br\/site\/#website"},"primaryImageOfPage":{"@id":"https:\/\/www.fira.edu.br\/site\/historia\/#primaryimage"},"image":{"@id":"https:\/\/www.fira.edu.br\/site\/historia\/#primaryimage"},"thumbnailUrl":"https:\/\/www.fira.edu.br\/site\/wp-content\/uploads\/2021\/11\/historia-fira-2021-1.jpg","datePublished":"2013-02-19T12:59:39+00:00","dateModified":"2024-08-30T17:21:35+00:00","description":"Venha fazer hist\u00f3ria na FIRA. Acesse para obter maiores informa\u00e7\u00f5es.","breadcrumb":{"@id":"https:\/\/www.fira.edu.br\/site\/historia\/#breadcrumb"},"inLanguage":"pt-BR","potentialAction":[{"@type":"ReadAction","target":["https:\/\/www.fira.edu.br\/site\/historia\/"]}]},{"@type":"ImageObject","inLanguage":"pt-BR","@id":"https:\/\/www.fira.edu.br\/site\/historia\/#primaryimage","url":"https:\/\/www.fira.edu.br\/site\/wp-content\/uploads\/2021\/11\/historia-fira-2021-1.jpg","contentUrl":"https:\/\/www.fira.edu.br\/site\/wp-content\/uploads\/2021\/11\/historia-fira-2021-1.jpg","width":1080,"height":1350},{"@type":"BreadcrumbList","@id":"https:\/\/www.fira.edu.br\/site\/historia\/#breadcrumb","itemListElement":[{"@type":"ListItem","position":1,"name":"In\u00edcio","item":"https:\/\/www.fira.edu.br\/site\/"},{"@type":"ListItem","position":2,"name":"Hist\u00f3ria"}]},{"@type":"WebSite","@id":"https:\/\/www.fira.edu.br\/site\/#website","url":"https:\/\/www.fira.edu.br\/site\/","name":"FACULDADES INTEGRADAS REGIONAIS DE AVAR\u00c9","description":"A tradi\u00e7\u00e3o \u00e9 nossa. A oportunidade \u00e9 sua.","publisher":{"@id":"https:\/\/www.fira.edu.br\/site\/#organization"},"potentialAction":[{"@type":"SearchAction","target":{"@type":"EntryPoint","urlTemplate":"https:\/\/www.fira.edu.br\/site\/?s={search_term_string}"},"query-input":{"@type":"PropertyValueSpecification","valueRequired":true,"valueName":"search_term_string"}}],"inLanguage":"pt-BR"},{"@type":"Organization","@id":"https:\/\/www.fira.edu.br\/site\/#organization","name":"FACULDADES INTEGRADAS REGIONAIS DE AVAR\u00c9","url":"https:\/\/www.fira.edu.br\/site\/","logo":{"@type":"ImageObject","inLanguage":"pt-BR","@id":"https:\/\/www.fira.edu.br\/site\/#\/schema\/logo\/image\/","url":"https:\/\/www.fira.edu.br\/site\/wp-content\/uploads\/2020\/12\/fira-teste-.png","contentUrl":"https:\/\/www.fira.edu.br\/site\/wp-content\/uploads\/2020\/12\/fira-teste-.png","width":105,"height":105,"caption":"FACULDADES INTEGRADAS REGIONAIS DE AVAR\u00c9"},"image":{"@id":"https:\/\/www.fira.edu.br\/site\/#\/schema\/logo\/image\/"}}]}},"jetpack_sharing_enabled":true,"_links":{"self":[{"href":"https:\/\/www.fira.edu.br\/site\/wp-json\/wp\/v2\/pages\/147","targetHints":{"allow":["GET"]}}],"collection":[{"href":"https:\/\/www.fira.edu.br\/site\/wp-json\/wp\/v2\/pages"}],"about":[{"href":"https:\/\/www.fira.edu.br\/site\/wp-json\/wp\/v2\/types\/page"}],"author":[{"embeddable":true,"href":"https:\/\/www.fira.edu.br\/site\/wp-json\/wp\/v2\/users\/2"}],"replies":[{"embeddable":true,"href":"https:\/\/www.fira.edu.br\/site\/wp-json\/wp\/v2\/comments?post=147"}],"version-history":[{"count":26,"href":"https:\/\/www.fira.edu.br\/site\/wp-json\/wp\/v2\/pages\/147\/revisions"}],"predecessor-version":[{"id":15525,"href":"https:\/\/www.fira.edu.br\/site\/wp-json\/wp\/v2\/pages\/147\/revisions\/15525"}],"wp:featuredmedia":[{"embeddable":true,"href":"https:\/\/www.fira.edu.br\/site\/wp-json\/wp\/v2\/media\/13432"}],"wp:attachment":[{"href":"https:\/\/www.fira.edu.br\/site\/wp-json\/wp\/v2\/media?parent=147"}],"curies":[{"name":"wp","href":"https:\/\/api.w.org\/{rel}","templated":true}]}}