{"id":151,"date":"2013-02-19T13:02:41","date_gmt":"2013-02-19T13:02:41","guid":{"rendered":"http:\/\/www.fira.edu.br\/site\/?page_id=151-old"},"modified":"2024-03-14T23:24:18","modified_gmt":"2024-03-14T23:24:18","slug":"letras","status":"publish","type":"page","link":"https:\/\/www.fira.edu.br\/site\/letras\/","title":{"rendered":"Letras"},"content":{"rendered":"\t\t<div data-elementor-type=\"wp-page\" data-elementor-id=\"151\" class=\"elementor elementor-151\">\n\t\t\t\t<div class=\"elementor-element elementor-element-2fb975c2 e-flex e-con-boxed e-con e-parent\" data-id=\"2fb975c2\" data-element_type=\"container\" data-e-type=\"container\" data-settings=\"{&quot;background_background&quot;:&quot;classic&quot;}\">\n\t\t\t\t\t<div class=\"e-con-inner\">\n\t\t\t\t<div class=\"elementor-element elementor-element-5e64767e elementor-view-default elementor-widget elementor-widget-icon\" data-id=\"5e64767e\" data-element_type=\"widget\" data-e-type=\"widget\" data-widget_type=\"icon.default\">\n\t\t\t\t<div class=\"elementor-widget-container\">\n\t\t\t\t\t\t\t<div class=\"elementor-icon-wrapper\">\n\t\t\t<div class=\"elementor-icon\">\n\t\t\t<i aria-hidden=\"true\" class=\"icon icon-open-book\"><\/i>\t\t\t<\/div>\n\t\t<\/div>\n\t\t\t\t\t\t<\/div>\n\t\t\t\t<\/div>\n\t\t\t\t<div class=\"elementor-element elementor-element-6f58a335 elementor-widget elementor-widget-heading\" data-id=\"6f58a335\" data-element_type=\"widget\" data-e-type=\"widget\" data-widget_type=\"heading.default\">\n\t\t\t\t<div class=\"elementor-widget-container\">\n\t\t\t\t\t<h2 class=\"elementor-heading-title elementor-size-default\">Letras<\/h2>\t\t\t\t<\/div>\n\t\t\t\t<\/div>\n\t\t\t\t\t<\/div>\n\t\t\t\t<\/div>\n\t\t<div class=\"elementor-element elementor-element-508115d8 e-flex e-con-boxed e-con e-parent\" data-id=\"508115d8\" data-element_type=\"container\" data-e-type=\"container\">\n\t\t\t\t\t<div class=\"e-con-inner\">\n\t\t\t\t<div class=\"elementor-element elementor-element-2a20c4fc elementor-widget elementor-widget-text-editor\" data-id=\"2a20c4fc\" data-element_type=\"widget\" data-e-type=\"widget\" data-widget_type=\"text-editor.default\">\n\t\t\t\t<div class=\"elementor-widget-container\">\n\t\t\t\t\t\t\t\t\t<p><strong>Licenciatura em Portugu\u00eas e Ingl\u00eas &#8211; Letras<\/strong><\/p><p>Objetivos principais<br \/>1) Dar forma\u00e7\u00e3o abrangente e oportunidades de leitura para que o profissional formado\u00a0 adquira versatilidade para trabalhar com textos de g\u00eaneros variados;<br \/>2) Desenvolver t\u00e9cnicas e estudos que tenham como foco conhecimentos e pr\u00e1ticas relativas \u00e0 linguagem;<br \/>3) Sendo a l\u00edngua o principal instrumento de express\u00e3o, capacitar o profissional nas ci\u00eancias humanas, nas express\u00f5es liter\u00e1rias, na l\u00edngua estrangeira (Ingl\u00eas), fomentando o desenvolvimento cultural e o preparo para atua\u00e7\u00e3o na doc\u00eancia;<br \/>4) Fornecer fundamentos pedag\u00f3gicos que levem o profissional a compreender como se d\u00e1 a constru\u00e7\u00e3o do conhecimento.<\/p><p>Mercado de trabalho<br \/>Licenciatura em Portugu\u00eas e Ingl\u00eas. O aluno que optar por esta carreira ter\u00e1 o direito de ministrar aulas dessas duas disciplinas para o Fundamental II e para o Ensino M\u00e9dio. Al\u00e9m disso, poder\u00e1 dedicar-se a pesquisas na \u00e1rea dos estudos da L\u00edngua Portuguesa, da L\u00edngua Inglesa e da Literatura; trabalhar em empresas jornal\u00edsticas ou editoras. Como aut\u00f4nomo, poder\u00e1 redigir relat\u00f3rios, atas de reuni\u00e3o e pautas solicitadas no ambiente empresarial.<\/p><p>Dura\u00e7\u00e3o do curso: 04 anos (08 semestres)<\/p>\t\t\t\t\t\t\t\t<\/div>\n\t\t\t\t<\/div>\n\t\t\t\t<div class=\"elementor-element elementor-element-304c6f2c elementor-widget elementor-widget-eael-creative-button\" data-id=\"304c6f2c\" data-element_type=\"widget\" data-e-type=\"widget\" data-widget_type=\"eael-creative-button.default\">\n\t\t\t\t<div class=\"elementor-widget-container\">\n\t\t\t\t\t        <div class=\"eael-creative-button-wrapper\">\n\n            <a class=\"eael-creative-button eael-creative-button--wayra eael-cb-icon-position-left\" href=\"https:\/\/www.fira.edu.br\/site\/wp-content\/uploads\/2024\/03\/MATRIZ-CURRICULAR-LETRAS-FIRA.pdf\" target=\"_blank\" data-text=\"\">\n            \t    \n                <div class=\"creative-button-inner\">\n\n                                            <span class=\"eael-creative-button-icon-left\"><i aria-hidden=\"true\" class=\"fas fa-graduation-cap\"><\/i><\/span>                    \n                    <span class=\"cretive-button-text\">Matriz Curricular <\/span>\n\n                                    <\/div>\n\t                        <\/a>\n        <\/div>\n        \t\t\t\t<\/div>\n\t\t\t\t<\/div>\n\t\t\t\t\t<\/div>\n\t\t\t\t<\/div>\n\t\t<div class=\"elementor-element elementor-element-2fc03587 e-flex e-con-boxed e-con e-parent\" data-id=\"2fc03587\" data-element_type=\"container\" data-e-type=\"container\">\n\t\t\t\t\t<div class=\"e-con-inner\">\n\t\t\t\t<div class=\"elementor-element elementor-element-1d42bc98 elementor-widget elementor-widget-image\" data-id=\"1d42bc98\" data-element_type=\"widget\" data-e-type=\"widget\" data-widget_type=\"image.default\">\n\t\t\t\t<div class=\"elementor-widget-container\">\n\t\t\t\t\t\t\t\t\t\t\t\t\t\t\t<img fetchpriority=\"high\" decoding=\"async\" width=\"800\" height=\"1000\" src=\"https:\/\/www.fira.edu.br\/site\/wp-content\/uploads\/2021\/11\/curso-letras-fira-2021.jpg\" class=\"attachment-large size-large wp-image-13361\" alt=\"Matriz Curricular Curso de Letras\" srcset=\"https:\/\/www.fira.edu.br\/site\/wp-content\/uploads\/2021\/11\/curso-letras-fira-2021.jpg 800w, https:\/\/www.fira.edu.br\/site\/wp-content\/uploads\/2021\/11\/curso-letras-fira-2021-240x300.jpg 240w, https:\/\/www.fira.edu.br\/site\/wp-content\/uploads\/2021\/11\/curso-letras-fira-2021-768x960.jpg 768w\" sizes=\"(max-width: 800px) 100vw, 800px\" \/>\t\t\t\t\t\t\t\t\t\t\t\t\t\t\t<\/div>\n\t\t\t\t<\/div>\n\t\t\t\t\t<\/div>\n\t\t\t\t<\/div>\n\t\t\t\t<\/div>\n\t\t","protected":false},"excerpt":{"rendered":"<p>Letras Licenciatura em Portugu\u00eas e Ingl\u00eas &#8211; Letras Objetivos principais1) Dar forma\u00e7\u00e3o abrangente e oportunidades de leitura para que o profissional formado\u00a0 adquira versatilidade para trabalhar com textos de g\u00eaneros variados;2) Desenvolver t\u00e9cnicas e estudos que tenham como foco conhecimentos e pr\u00e1ticas relativas \u00e0 linguagem;3) Sendo a l\u00edngua o principal instrumento de express\u00e3o, capacitar o&hellip; <br \/> <a class=\"read-more\" href=\"https:\/\/www.fira.edu.br\/site\/letras\/\">Leia mais<\/a><\/p>\n","protected":false},"author":2,"featured_media":13433,"parent":0,"menu_order":0,"comment_status":"closed","ping_status":"closed","template":"","meta":{"_joinchat":[],"footnotes":""},"class_list":["post-151","page","type-page","status-publish","has-post-thumbnail","hentry"],"yoast_head":"<!-- This site is optimized with the Yoast SEO plugin v27.4 - https:\/\/yoast.com\/product\/yoast-seo-wordpress\/ -->\n<title>Letras - FIRA - FACULDADES INTEGRADAS REGIONAIS DE AVAR\u00c9<\/title>\n<meta name=\"description\" content=\"Venha fazer Letras na FIRA. Acesse para obter maiores informa\u00e7\u00f5es sobre o curso de letras.\" \/>\n<meta name=\"robots\" content=\"index, follow, max-snippet:-1, max-image-preview:large, max-video-preview:-1\" \/>\n<link rel=\"canonical\" href=\"https:\/\/www.fira.edu.br\/site\/letras\/\" \/>\n<meta property=\"og:locale\" content=\"pt_BR\" \/>\n<meta property=\"og:type\" content=\"article\" \/>\n<meta property=\"og:title\" content=\"Letras - FIRA - FACULDADES INTEGRADAS REGIONAIS DE AVAR\u00c9\" \/>\n<meta property=\"og:description\" content=\"Venha fazer Letras na FIRA. Acesse para obter maiores informa\u00e7\u00f5es sobre o curso de letras.\" \/>\n<meta property=\"og:url\" content=\"https:\/\/www.fira.edu.br\/site\/letras\/\" \/>\n<meta property=\"og:site_name\" content=\"FACULDADES INTEGRADAS REGIONAIS DE AVAR\u00c9\" \/>\n<meta property=\"article:modified_time\" content=\"2024-03-14T23:24:18+00:00\" \/>\n<meta property=\"og:image\" content=\"https:\/\/www.fira.edu.br\/site\/wp-content\/uploads\/2021\/11\/letras-fira-2021.jpg\" \/>\n\t<meta property=\"og:image:width\" content=\"1080\" \/>\n\t<meta property=\"og:image:height\" content=\"1350\" \/>\n\t<meta property=\"og:image:type\" content=\"image\/jpeg\" \/>\n<meta name=\"twitter:label1\" content=\"Est. tempo de leitura\" \/>\n\t<meta name=\"twitter:data1\" content=\"2 minutos\" \/>\n<script type=\"application\/ld+json\" class=\"yoast-schema-graph\">{\"@context\":\"https:\\\/\\\/schema.org\",\"@graph\":[{\"@type\":\"WebPage\",\"@id\":\"https:\\\/\\\/www.fira.edu.br\\\/site\\\/letras\\\/\",\"url\":\"https:\\\/\\\/www.fira.edu.br\\\/site\\\/letras\\\/\",\"name\":\"Letras - FIRA - FACULDADES INTEGRADAS REGIONAIS DE AVAR\u00c9\",\"isPartOf\":{\"@id\":\"https:\\\/\\\/www.fira.edu.br\\\/site\\\/#website\"},\"primaryImageOfPage\":{\"@id\":\"https:\\\/\\\/www.fira.edu.br\\\/site\\\/letras\\\/#primaryimage\"},\"image\":{\"@id\":\"https:\\\/\\\/www.fira.edu.br\\\/site\\\/letras\\\/#primaryimage\"},\"thumbnailUrl\":\"https:\\\/\\\/www.fira.edu.br\\\/site\\\/wp-content\\\/uploads\\\/2021\\\/11\\\/letras-fira-2021.jpg\",\"datePublished\":\"2013-02-19T13:02:41+00:00\",\"dateModified\":\"2024-03-14T23:24:18+00:00\",\"description\":\"Venha fazer Letras na FIRA. Acesse para obter maiores informa\u00e7\u00f5es sobre o curso de letras.\",\"breadcrumb\":{\"@id\":\"https:\\\/\\\/www.fira.edu.br\\\/site\\\/letras\\\/#breadcrumb\"},\"inLanguage\":\"pt-BR\",\"potentialAction\":[{\"@type\":\"ReadAction\",\"target\":[\"https:\\\/\\\/www.fira.edu.br\\\/site\\\/letras\\\/\"]}]},{\"@type\":\"ImageObject\",\"inLanguage\":\"pt-BR\",\"@id\":\"https:\\\/\\\/www.fira.edu.br\\\/site\\\/letras\\\/#primaryimage\",\"url\":\"https:\\\/\\\/www.fira.edu.br\\\/site\\\/wp-content\\\/uploads\\\/2021\\\/11\\\/letras-fira-2021.jpg\",\"contentUrl\":\"https:\\\/\\\/www.fira.edu.br\\\/site\\\/wp-content\\\/uploads\\\/2021\\\/11\\\/letras-fira-2021.jpg\",\"width\":1080,\"height\":1350},{\"@type\":\"BreadcrumbList\",\"@id\":\"https:\\\/\\\/www.fira.edu.br\\\/site\\\/letras\\\/#breadcrumb\",\"itemListElement\":[{\"@type\":\"ListItem\",\"position\":1,\"name\":\"In\u00edcio\",\"item\":\"https:\\\/\\\/www.fira.edu.br\\\/site\\\/\"},{\"@type\":\"ListItem\",\"position\":2,\"name\":\"Letras\"}]},{\"@type\":\"WebSite\",\"@id\":\"https:\\\/\\\/www.fira.edu.br\\\/site\\\/#website\",\"url\":\"https:\\\/\\\/www.fira.edu.br\\\/site\\\/\",\"name\":\"FACULDADES INTEGRADAS REGIONAIS DE AVAR\u00c9\",\"description\":\"A tradi\u00e7\u00e3o \u00e9 nossa. A oportunidade \u00e9 sua.\",\"publisher\":{\"@id\":\"https:\\\/\\\/www.fira.edu.br\\\/site\\\/#organization\"},\"potentialAction\":[{\"@type\":\"SearchAction\",\"target\":{\"@type\":\"EntryPoint\",\"urlTemplate\":\"https:\\\/\\\/www.fira.edu.br\\\/site\\\/?s={search_term_string}\"},\"query-input\":{\"@type\":\"PropertyValueSpecification\",\"valueRequired\":true,\"valueName\":\"search_term_string\"}}],\"inLanguage\":\"pt-BR\"},{\"@type\":\"Organization\",\"@id\":\"https:\\\/\\\/www.fira.edu.br\\\/site\\\/#organization\",\"name\":\"FACULDADES INTEGRADAS REGIONAIS DE AVAR\u00c9\",\"url\":\"https:\\\/\\\/www.fira.edu.br\\\/site\\\/\",\"logo\":{\"@type\":\"ImageObject\",\"inLanguage\":\"pt-BR\",\"@id\":\"https:\\\/\\\/www.fira.edu.br\\\/site\\\/#\\\/schema\\\/logo\\\/image\\\/\",\"url\":\"https:\\\/\\\/www.fira.edu.br\\\/site\\\/wp-content\\\/uploads\\\/2020\\\/12\\\/fira-teste-.png\",\"contentUrl\":\"https:\\\/\\\/www.fira.edu.br\\\/site\\\/wp-content\\\/uploads\\\/2020\\\/12\\\/fira-teste-.png\",\"width\":105,\"height\":105,\"caption\":\"FACULDADES INTEGRADAS REGIONAIS DE AVAR\u00c9\"},\"image\":{\"@id\":\"https:\\\/\\\/www.fira.edu.br\\\/site\\\/#\\\/schema\\\/logo\\\/image\\\/\"}}]}<\/script>\n<!-- \/ Yoast SEO plugin. -->","yoast_head_json":{"title":"Letras - FIRA - FACULDADES INTEGRADAS REGIONAIS DE AVAR\u00c9","description":"Venha fazer Letras na FIRA. Acesse para obter maiores informa\u00e7\u00f5es sobre o curso de letras.","robots":{"index":"index","follow":"follow","max-snippet":"max-snippet:-1","max-image-preview":"max-image-preview:large","max-video-preview":"max-video-preview:-1"},"canonical":"https:\/\/www.fira.edu.br\/site\/letras\/","og_locale":"pt_BR","og_type":"article","og_title":"Letras - FIRA - FACULDADES INTEGRADAS REGIONAIS DE AVAR\u00c9","og_description":"Venha fazer Letras na FIRA. Acesse para obter maiores informa\u00e7\u00f5es sobre o curso de letras.","og_url":"https:\/\/www.fira.edu.br\/site\/letras\/","og_site_name":"FACULDADES INTEGRADAS REGIONAIS DE AVAR\u00c9","article_modified_time":"2024-03-14T23:24:18+00:00","og_image":[{"width":1080,"height":1350,"url":"https:\/\/www.fira.edu.br\/site\/wp-content\/uploads\/2021\/11\/letras-fira-2021.jpg","type":"image\/jpeg"}],"twitter_misc":{"Est. tempo de leitura":"2 minutos"},"schema":{"@context":"https:\/\/schema.org","@graph":[{"@type":"WebPage","@id":"https:\/\/www.fira.edu.br\/site\/letras\/","url":"https:\/\/www.fira.edu.br\/site\/letras\/","name":"Letras - FIRA - FACULDADES INTEGRADAS REGIONAIS DE AVAR\u00c9","isPartOf":{"@id":"https:\/\/www.fira.edu.br\/site\/#website"},"primaryImageOfPage":{"@id":"https:\/\/www.fira.edu.br\/site\/letras\/#primaryimage"},"image":{"@id":"https:\/\/www.fira.edu.br\/site\/letras\/#primaryimage"},"thumbnailUrl":"https:\/\/www.fira.edu.br\/site\/wp-content\/uploads\/2021\/11\/letras-fira-2021.jpg","datePublished":"2013-02-19T13:02:41+00:00","dateModified":"2024-03-14T23:24:18+00:00","description":"Venha fazer Letras na FIRA. Acesse para obter maiores informa\u00e7\u00f5es sobre o curso de letras.","breadcrumb":{"@id":"https:\/\/www.fira.edu.br\/site\/letras\/#breadcrumb"},"inLanguage":"pt-BR","potentialAction":[{"@type":"ReadAction","target":["https:\/\/www.fira.edu.br\/site\/letras\/"]}]},{"@type":"ImageObject","inLanguage":"pt-BR","@id":"https:\/\/www.fira.edu.br\/site\/letras\/#primaryimage","url":"https:\/\/www.fira.edu.br\/site\/wp-content\/uploads\/2021\/11\/letras-fira-2021.jpg","contentUrl":"https:\/\/www.fira.edu.br\/site\/wp-content\/uploads\/2021\/11\/letras-fira-2021.jpg","width":1080,"height":1350},{"@type":"BreadcrumbList","@id":"https:\/\/www.fira.edu.br\/site\/letras\/#breadcrumb","itemListElement":[{"@type":"ListItem","position":1,"name":"In\u00edcio","item":"https:\/\/www.fira.edu.br\/site\/"},{"@type":"ListItem","position":2,"name":"Letras"}]},{"@type":"WebSite","@id":"https:\/\/www.fira.edu.br\/site\/#website","url":"https:\/\/www.fira.edu.br\/site\/","name":"FACULDADES INTEGRADAS REGIONAIS DE AVAR\u00c9","description":"A tradi\u00e7\u00e3o \u00e9 nossa. A oportunidade \u00e9 sua.","publisher":{"@id":"https:\/\/www.fira.edu.br\/site\/#organization"},"potentialAction":[{"@type":"SearchAction","target":{"@type":"EntryPoint","urlTemplate":"https:\/\/www.fira.edu.br\/site\/?s={search_term_string}"},"query-input":{"@type":"PropertyValueSpecification","valueRequired":true,"valueName":"search_term_string"}}],"inLanguage":"pt-BR"},{"@type":"Organization","@id":"https:\/\/www.fira.edu.br\/site\/#organization","name":"FACULDADES INTEGRADAS REGIONAIS DE AVAR\u00c9","url":"https:\/\/www.fira.edu.br\/site\/","logo":{"@type":"ImageObject","inLanguage":"pt-BR","@id":"https:\/\/www.fira.edu.br\/site\/#\/schema\/logo\/image\/","url":"https:\/\/www.fira.edu.br\/site\/wp-content\/uploads\/2020\/12\/fira-teste-.png","contentUrl":"https:\/\/www.fira.edu.br\/site\/wp-content\/uploads\/2020\/12\/fira-teste-.png","width":105,"height":105,"caption":"FACULDADES INTEGRADAS REGIONAIS DE AVAR\u00c9"},"image":{"@id":"https:\/\/www.fira.edu.br\/site\/#\/schema\/logo\/image\/"}}]}},"jetpack_sharing_enabled":true,"_links":{"self":[{"href":"https:\/\/www.fira.edu.br\/site\/wp-json\/wp\/v2\/pages\/151","targetHints":{"allow":["GET"]}}],"collection":[{"href":"https:\/\/www.fira.edu.br\/site\/wp-json\/wp\/v2\/pages"}],"about":[{"href":"https:\/\/www.fira.edu.br\/site\/wp-json\/wp\/v2\/types\/page"}],"author":[{"embeddable":true,"href":"https:\/\/www.fira.edu.br\/site\/wp-json\/wp\/v2\/users\/2"}],"replies":[{"embeddable":true,"href":"https:\/\/www.fira.edu.br\/site\/wp-json\/wp\/v2\/comments?post=151"}],"version-history":[{"count":20,"href":"https:\/\/www.fira.edu.br\/site\/wp-json\/wp\/v2\/pages\/151\/revisions"}],"predecessor-version":[{"id":15335,"href":"https:\/\/www.fira.edu.br\/site\/wp-json\/wp\/v2\/pages\/151\/revisions\/15335"}],"wp:featuredmedia":[{"embeddable":true,"href":"https:\/\/www.fira.edu.br\/site\/wp-json\/wp\/v2\/media\/13433"}],"wp:attachment":[{"href":"https:\/\/www.fira.edu.br\/site\/wp-json\/wp\/v2\/media?parent=151"}],"curies":[{"name":"wp","href":"https:\/\/api.w.org\/{rel}","templated":true}]}}