{"id":5,"date":"2013-02-18T12:36:24","date_gmt":"2013-02-18T12:36:24","guid":{"rendered":"http:\/\/www.fira.edu.br\/site\/?page_id=5-old"},"modified":"2020-12-15T19:24:32","modified_gmt":"2020-12-15T19:24:32","slug":"biblioteca-before-import","status":"publish","type":"page","link":"https:\/\/www.fira.edu.br\/site\/biblioteca-before-import\/","title":{"rendered":"Biblioteca"},"content":{"rendered":"\n\t\t<style type=\"text\/css\">\n\t\t\t#gallery-1 {\n\t\t\t\tmargin: auto;\n\t\t\t}\n\t\t\t#gallery-1 .gallery-item {\n\t\t\t\tfloat: left;\n\t\t\t\tmargin-top: 10px;\n\t\t\t\ttext-align: center;\n\t\t\t\twidth: 20%;\n\t\t\t}\n\t\t\t#gallery-1 img {\n\t\t\t\tborder: 2px solid #cfcfcf;\n\t\t\t}\n\t\t\t#gallery-1 .gallery-caption {\n\t\t\t\tmargin-left: 0;\n\t\t\t}\n\t\t\t\/* see gallery_shortcode() in wp-includes\/media.php *\/\n\t\t<\/style>\n\t\t<div id='gallery-1' class='gallery galleryid-5 gallery-columns-5 gallery-size-thumbnail'><dl class='gallery-item'>\n\t\t\t<dt class='gallery-icon landscape'>\n\t\t\t\t<a href='https:\/\/www.fira.edu.br\/site\/wp-content\/uploads\/2013\/02\/biblioteca00001.jpg'><img decoding=\"async\" width=\"150\" height=\"150\" src=\"https:\/\/www.fira.edu.br\/site\/wp-content\/uploads\/2013\/02\/biblioteca00001-150x150.jpg\" class=\"attachment-thumbnail size-thumbnail\" alt=\"\" \/><\/a>\n\t\t\t<\/dt><\/dl><dl class='gallery-item'>\n\t\t\t<dt class='gallery-icon landscape'>\n\t\t\t\t<a href='https:\/\/www.fira.edu.br\/site\/wp-content\/uploads\/2013\/02\/biblioteca00003.jpg'><img decoding=\"async\" width=\"150\" height=\"150\" src=\"https:\/\/www.fira.edu.br\/site\/wp-content\/uploads\/2013\/02\/biblioteca00003-150x150.jpg\" class=\"attachment-thumbnail size-thumbnail\" alt=\"\" \/><\/a>\n\t\t\t<\/dt><\/dl><dl class='gallery-item'>\n\t\t\t<dt class='gallery-icon landscape'>\n\t\t\t\t<a href='https:\/\/www.fira.edu.br\/site\/wp-content\/uploads\/2013\/02\/biblioteca00004.jpg'><img decoding=\"async\" width=\"150\" height=\"150\" src=\"https:\/\/www.fira.edu.br\/site\/wp-content\/uploads\/2013\/02\/biblioteca00004-150x150.jpg\" class=\"attachment-thumbnail size-thumbnail\" alt=\"\" \/><\/a>\n\t\t\t<\/dt><\/dl><dl class='gallery-item'>\n\t\t\t<dt class='gallery-icon landscape'>\n\t\t\t\t<a href='https:\/\/www.fira.edu.br\/site\/wp-content\/uploads\/2013\/02\/biblioteca00007.jpg'><img loading=\"lazy\" decoding=\"async\" width=\"150\" height=\"150\" src=\"https:\/\/www.fira.edu.br\/site\/wp-content\/uploads\/2013\/02\/biblioteca00007-150x150.jpg\" class=\"attachment-thumbnail size-thumbnail\" alt=\"\" \/><\/a>\n\t\t\t<\/dt><\/dl><dl class='gallery-item'>\n\t\t\t<dt class='gallery-icon landscape'>\n\t\t\t\t<a href='https:\/\/www.fira.edu.br\/site\/wp-content\/uploads\/2013\/02\/biblioteca00008.jpg'><img loading=\"lazy\" decoding=\"async\" width=\"150\" height=\"150\" src=\"https:\/\/www.fira.edu.br\/site\/wp-content\/uploads\/2013\/02\/biblioteca00008-150x150.jpg\" class=\"attachment-thumbnail size-thumbnail\" alt=\"\" \/><\/a>\n\t\t\t<\/dt><\/dl><br style=\"clear: both\" \/><dl class='gallery-item'>\n\t\t\t<dt class='gallery-icon landscape'>\n\t\t\t\t<a href='https:\/\/www.fira.edu.br\/site\/wp-content\/uploads\/2013\/02\/biblioteca00009.jpg'><img loading=\"lazy\" decoding=\"async\" width=\"150\" height=\"150\" src=\"https:\/\/www.fira.edu.br\/site\/wp-content\/uploads\/2013\/02\/biblioteca00009-150x150.jpg\" class=\"attachment-thumbnail size-thumbnail\" alt=\"\" \/><\/a>\n\t\t\t<\/dt><\/dl><dl class='gallery-item'>\n\t\t\t<dt class='gallery-icon landscape'>\n\t\t\t\t<a href='https:\/\/www.fira.edu.br\/site\/wp-content\/uploads\/2013\/02\/biblioteca00010.jpg'><img loading=\"lazy\" decoding=\"async\" width=\"150\" height=\"150\" src=\"https:\/\/www.fira.edu.br\/site\/wp-content\/uploads\/2013\/02\/biblioteca00010-150x150.jpg\" class=\"attachment-thumbnail size-thumbnail\" alt=\"\" \/><\/a>\n\t\t\t<\/dt><\/dl><dl class='gallery-item'>\n\t\t\t<dt class='gallery-icon landscape'>\n\t\t\t\t<a href='https:\/\/www.fira.edu.br\/site\/wp-content\/uploads\/2013\/02\/biblioteca00011.jpg'><img loading=\"lazy\" decoding=\"async\" width=\"150\" height=\"150\" src=\"https:\/\/www.fira.edu.br\/site\/wp-content\/uploads\/2013\/02\/biblioteca00011-150x150.jpg\" class=\"attachment-thumbnail size-thumbnail\" alt=\"\" \/><\/a>\n\t\t\t<\/dt><\/dl><dl class='gallery-item'>\n\t\t\t<dt class='gallery-icon landscape'>\n\t\t\t\t<a href='https:\/\/www.fira.edu.br\/site\/wp-content\/uploads\/2013\/02\/biblioteca00012.jpg'><img loading=\"lazy\" decoding=\"async\" width=\"150\" height=\"150\" src=\"https:\/\/www.fira.edu.br\/site\/wp-content\/uploads\/2013\/02\/biblioteca00012-150x150.jpg\" class=\"attachment-thumbnail size-thumbnail\" alt=\"\" \/><\/a>\n\t\t\t<\/dt><\/dl><dl class='gallery-item'>\n\t\t\t<dt class='gallery-icon landscape'>\n\t\t\t\t<a href='https:\/\/www.fira.edu.br\/site\/wp-content\/uploads\/2013\/02\/biblioteca00013.jpg'><img loading=\"lazy\" decoding=\"async\" width=\"150\" height=\"150\" src=\"https:\/\/www.fira.edu.br\/site\/wp-content\/uploads\/2013\/02\/biblioteca00013-150x150.jpg\" class=\"attachment-thumbnail size-thumbnail\" alt=\"\" \/><\/a>\n\t\t\t<\/dt><\/dl><br style=\"clear: both\" \/><dl class='gallery-item'>\n\t\t\t<dt class='gallery-icon landscape'>\n\t\t\t\t<a href='https:\/\/www.fira.edu.br\/site\/wp-content\/uploads\/2013\/02\/biblioteca00014.jpg'><img loading=\"lazy\" decoding=\"async\" width=\"150\" height=\"150\" src=\"https:\/\/www.fira.edu.br\/site\/wp-content\/uploads\/2013\/02\/biblioteca00014-150x150.jpg\" class=\"attachment-thumbnail size-thumbnail\" alt=\"\" \/><\/a>\n\t\t\t<\/dt><\/dl><dl class='gallery-item'>\n\t\t\t<dt class='gallery-icon landscape'>\n\t\t\t\t<a href='https:\/\/www.fira.edu.br\/site\/wp-content\/uploads\/2013\/02\/biblioteca00015.jpg'><img loading=\"lazy\" decoding=\"async\" width=\"150\" height=\"150\" src=\"https:\/\/www.fira.edu.br\/site\/wp-content\/uploads\/2013\/02\/biblioteca00015-150x150.jpg\" class=\"attachment-thumbnail size-thumbnail\" alt=\"\" \/><\/a>\n\t\t\t<\/dt><\/dl><dl class='gallery-item'>\n\t\t\t<dt class='gallery-icon landscape'>\n\t\t\t\t<a href='https:\/\/www.fira.edu.br\/site\/wp-content\/uploads\/2013\/02\/biblioteca00016.jpg'><img loading=\"lazy\" decoding=\"async\" width=\"150\" height=\"150\" src=\"https:\/\/www.fira.edu.br\/site\/wp-content\/uploads\/2013\/02\/biblioteca00016-150x150.jpg\" class=\"attachment-thumbnail size-thumbnail\" alt=\"\" \/><\/a>\n\t\t\t<\/dt><\/dl><dl class='gallery-item'>\n\t\t\t<dt class='gallery-icon landscape'>\n\t\t\t\t<a href='https:\/\/www.fira.edu.br\/site\/wp-content\/uploads\/2013\/02\/biblioteca00017.jpg'><img loading=\"lazy\" decoding=\"async\" width=\"150\" height=\"150\" src=\"https:\/\/www.fira.edu.br\/site\/wp-content\/uploads\/2013\/02\/biblioteca00017-150x150.jpg\" class=\"attachment-thumbnail size-thumbnail\" alt=\"\" \/><\/a>\n\t\t\t<\/dt><\/dl>\n\t\t\t<br style='clear: both' \/>\n\t\t<\/div>\n\n<p style=\"text-align: justify;\">Biblioteca Professora Maria Nazareth Abs Pimentel; recebeu este nome \u00e0 partir de 13 de agosto de 1.999.<br \/>\nA Biblioteca possui um acervo com aproximadamente 11651 livros, alguns peri\u00f3dicos na \u00e1rea de Ci\u00eancias Biol\u00f3gicas e Sa\u00fade, Ci\u00eancias Humanas e Sociais, assuntos gerais e revistas como: Veja, \u00c9poca, Isto \u00e9 e revistas espec\u00edficas nas \u00e1reas de Ci\u00eancias Biol\u00f3gicas, Educa\u00e7\u00e3o F\u00edsica e Letras. Assinamos, tamb\u00e9m, o Di\u00e1rio Oficial da Uni\u00e3o, Di\u00e1rio Oficial do Estado, Jornal Estado de S\u00e3o Paulo e Folha de S\u00e3o Paulo.<br \/>\nTemos tamb\u00e9m, mapas, enciclop\u00e9dias, dicion\u00e1rios e almanaques.<br \/>\nContamos com uma sala de leitura com dois micros ligados \u00e0 Internet, uma sala de v\u00eddeo e outra sala de leitura para as crian\u00e7as que juntamente com a Faculdade, tamb\u00e9m funciona o Col\u00e9gio Universit\u00e1rio de Avar\u00e9 &#8211; ANGLO.<br \/>\nA Biblioteca visa atender alunos, funcion\u00e1rios e professores da Faculdade e do Col\u00e9gio e a comunidade tamb\u00e9m tem acesso as pesquisas dentro da Biblioteca.<\/p>\n<p style=\"text-align: justify;\">No quadro de funcion\u00e1rios temos 1\u00a0bibliotec\u00e1ria e 1 auxiliar<\/p>\n<p>Bibliotec\u00e1ria respons\u00e1vel: Vanessa L. Maia<\/p>\n<p>Auxiliar:<br \/>\nIsolete Paiva Silva<\/p>\n<p>O hor\u00e1rio de atendimento da Biblioteca \u00e9 de segunda a sexta-feiras, das 7:00 hs \u00e0s 12:00 hs, das 13:00 hs \u00e0s 17:00hs e das 19:00hs \u00e1s 22:30hs.<br \/>\nNo per\u00edodo de f\u00e9rias temos hor\u00e1rios especiais<\/p>\n<p>&nbsp;<\/p>\n<p><strong>Rela\u00e7\u00e3o de livros por \u00e1rea<\/strong><\/p>\n<p><a href=\"https:\/\/www.fira.edu.br\/site\/wp-content\/uploads\/2013\/02\/livros_biologia.pdf\">Biologia<\/a><\/p>\n<p><a href=\"https:\/\/www.fira.edu.br\/site\/wp-content\/uploads\/2013\/02\/livros_economia.pdf\">Economia<\/a><\/p>\n<p><a href=\"https:\/\/www.fira.edu.br\/site\/wp-content\/uploads\/2013\/02\/livros_educacao.pdf\">Educa\u00e7\u00e3o<\/a><\/p>\n<p><a href=\"https:\/\/www.fira.edu.br\/site\/wp-content\/uploads\/2013\/02\/livros_educacao_fisica.pdf\">Educa\u00e7\u00e3o F\u00edsica<\/a><\/p>\n<p><a href=\"https:\/\/www.fira.edu.br\/site\/wp-content\/uploads\/2013\/02\/livros_filosofia.pdf\">Filosofia<\/a><\/p>\n<p><a href=\"https:\/\/www.fira.edu.br\/site\/wp-content\/uploads\/2013\/02\/livros_fisica.pdf\">F\u00edsica<\/a><\/p>\n<p><a href=\"https:\/\/www.fira.edu.br\/site\/wp-content\/uploads\/2013\/02\/livros_grografia.pdf\">Geografia<\/a><\/p>\n<p><a href=\"https:\/\/www.fira.edu.br\/site\/wp-content\/uploads\/2013\/02\/livros_historia.pdf\">Hist\u00f3ria<\/a><\/p>\n<p><a href=\"https:\/\/www.fira.edu.br\/site\/wp-content\/uploads\/2013\/02\/livros_matematica.pdf\">Matem\u00e1tica<\/a><\/p>\n<p><a href=\"https:\/\/www.fira.edu.br\/site\/wp-content\/uploads\/2013\/02\/livros_pedagogia.pdf\">Pedagogia<\/a><\/p>\n<p><a href=\"https:\/\/www.fira.edu.br\/site\/wp-content\/uploads\/2013\/02\/livros_psicologia.pdf\">Psicologia<\/a><\/p>\n<p><a href=\"https:\/\/www.fira.edu.br\/site\/wp-content\/uploads\/2013\/02\/livros_quimica.pdf\">Qu\u00edmica<\/a><\/p>\n<p><a href=\"https:\/\/www.fira.edu.br\/site\/wp-content\/uploads\/2013\/02\/livros_sociologia.pdf\">Sociologia<\/a><\/p>\n","protected":false},"excerpt":{"rendered":"<p>Biblioteca Professora Maria Nazareth Abs Pimentel; recebeu este nome \u00e0 partir de 13 de agosto de 1.999. A Biblioteca possui um acervo com aproximadamente 11651 livros, alguns peri\u00f3dicos na \u00e1rea de Ci\u00eancias Biol\u00f3gicas e Sa\u00fade, Ci\u00eancias Humanas e Sociais, assuntos gerais e revistas como: Veja, \u00c9poca, Isto \u00e9 e revistas espec\u00edficas nas \u00e1reas de Ci\u00eancias&hellip; <br \/> <a class=\"read-more\" href=\"https:\/\/www.fira.edu.br\/site\/biblioteca-before-import\/\">Leia mais<\/a><\/p>\n","protected":false},"author":2,"featured_media":0,"parent":0,"menu_order":0,"comment_status":"closed","ping_status":"closed","template":"","meta":{"_joinchat":[],"footnotes":""},"class_list":["post-5","page","type-page","status-publish","hentry"],"yoast_head":"<!-- This site is optimized with the Yoast SEO plugin v27.4 - https:\/\/yoast.com\/product\/yoast-seo-wordpress\/ -->\n<title>Biblioteca - FREA - FACULDADES INTEGRADAS REGIONAIS DE AVAR\u00c9<\/title>\n<meta name=\"description\" content=\"Biblioteca Prof. Maria N. Abs Pimentel; recebeu este nome \u00e0 partir de 13 de agosto de 1.999. A Biblioteca possui um acervo com aproximadamente 11651 livros\" \/>\n<meta name=\"robots\" content=\"index, follow, max-snippet:-1, max-image-preview:large, max-video-preview:-1\" \/>\n<link rel=\"canonical\" href=\"https:\/\/www.fira.edu.br\/site\/biblioteca-before-import\/\" \/>\n<meta property=\"og:locale\" content=\"pt_BR\" \/>\n<meta property=\"og:type\" content=\"article\" \/>\n<meta property=\"og:title\" content=\"Biblioteca - FREA - FACULDADES INTEGRADAS REGIONAIS DE AVAR\u00c9\" \/>\n<meta property=\"og:description\" content=\"Biblioteca Prof. Maria N. Abs Pimentel; recebeu este nome \u00e0 partir de 13 de agosto de 1.999. A Biblioteca possui um acervo com aproximadamente 11651 livros\" \/>\n<meta property=\"og:url\" content=\"https:\/\/www.fira.edu.br\/site\/biblioteca-before-import\/\" \/>\n<meta property=\"og:site_name\" content=\"FACULDADES INTEGRADAS REGIONAIS DE AVAR\u00c9\" \/>\n<meta property=\"article:modified_time\" content=\"2020-12-15T19:24:32+00:00\" \/>\n<meta property=\"og:image\" content=\"https:\/\/www.fira.edu.br\/site\/wp-content\/uploads\/2013\/02\/biblioteca00001-150x150.jpg\" \/>\n<meta name=\"twitter:label1\" content=\"Est. tempo de leitura\" \/>\n\t<meta name=\"twitter:data1\" content=\"1 minuto\" \/>\n<script type=\"application\/ld+json\" class=\"yoast-schema-graph\">{\"@context\":\"https:\\\/\\\/schema.org\",\"@graph\":[{\"@type\":\"WebPage\",\"@id\":\"https:\\\/\\\/www.fira.edu.br\\\/site\\\/biblioteca-before-import\\\/\",\"url\":\"https:\\\/\\\/www.fira.edu.br\\\/site\\\/biblioteca-before-import\\\/\",\"name\":\"Biblioteca - FREA - FACULDADES INTEGRADAS REGIONAIS DE AVAR\u00c9\",\"isPartOf\":{\"@id\":\"https:\\\/\\\/www.fira.edu.br\\\/site\\\/#website\"},\"datePublished\":\"2013-02-18T12:36:24+00:00\",\"dateModified\":\"2020-12-15T19:24:32+00:00\",\"description\":\"Biblioteca Prof. Maria N. Abs Pimentel; recebeu este nome \u00e0 partir de 13 de agosto de 1.999. A Biblioteca possui um acervo com aproximadamente 11651 livros\",\"breadcrumb\":{\"@id\":\"https:\\\/\\\/www.fira.edu.br\\\/site\\\/biblioteca-before-import\\\/#breadcrumb\"},\"inLanguage\":\"pt-BR\",\"potentialAction\":[{\"@type\":\"ReadAction\",\"target\":[\"https:\\\/\\\/www.fira.edu.br\\\/site\\\/biblioteca-before-import\\\/\"]}]},{\"@type\":\"BreadcrumbList\",\"@id\":\"https:\\\/\\\/www.fira.edu.br\\\/site\\\/biblioteca-before-import\\\/#breadcrumb\",\"itemListElement\":[{\"@type\":\"ListItem\",\"position\":1,\"name\":\"In\u00edcio\",\"item\":\"https:\\\/\\\/www.fira.edu.br\\\/site\\\/\"},{\"@type\":\"ListItem\",\"position\":2,\"name\":\"Biblioteca\"}]},{\"@type\":\"WebSite\",\"@id\":\"https:\\\/\\\/www.fira.edu.br\\\/site\\\/#website\",\"url\":\"https:\\\/\\\/www.fira.edu.br\\\/site\\\/\",\"name\":\"FACULDADES INTEGRADAS REGIONAIS DE AVAR\u00c9\",\"description\":\"A tradi\u00e7\u00e3o \u00e9 nossa. A oportunidade \u00e9 sua.\",\"publisher\":{\"@id\":\"https:\\\/\\\/www.fira.edu.br\\\/site\\\/#organization\"},\"potentialAction\":[{\"@type\":\"SearchAction\",\"target\":{\"@type\":\"EntryPoint\",\"urlTemplate\":\"https:\\\/\\\/www.fira.edu.br\\\/site\\\/?s={search_term_string}\"},\"query-input\":{\"@type\":\"PropertyValueSpecification\",\"valueRequired\":true,\"valueName\":\"search_term_string\"}}],\"inLanguage\":\"pt-BR\"},{\"@type\":\"Organization\",\"@id\":\"https:\\\/\\\/www.fira.edu.br\\\/site\\\/#organization\",\"name\":\"FACULDADES INTEGRADAS REGIONAIS DE AVAR\u00c9\",\"url\":\"https:\\\/\\\/www.fira.edu.br\\\/site\\\/\",\"logo\":{\"@type\":\"ImageObject\",\"inLanguage\":\"pt-BR\",\"@id\":\"https:\\\/\\\/www.fira.edu.br\\\/site\\\/#\\\/schema\\\/logo\\\/image\\\/\",\"url\":\"https:\\\/\\\/www.fira.edu.br\\\/site\\\/wp-content\\\/uploads\\\/2020\\\/12\\\/fira-teste-.png\",\"contentUrl\":\"https:\\\/\\\/www.fira.edu.br\\\/site\\\/wp-content\\\/uploads\\\/2020\\\/12\\\/fira-teste-.png\",\"width\":105,\"height\":105,\"caption\":\"FACULDADES INTEGRADAS REGIONAIS DE AVAR\u00c9\"},\"image\":{\"@id\":\"https:\\\/\\\/www.fira.edu.br\\\/site\\\/#\\\/schema\\\/logo\\\/image\\\/\"}}]}<\/script>\n<!-- \/ Yoast SEO plugin. -->","yoast_head_json":{"title":"Biblioteca - FREA - FACULDADES INTEGRADAS REGIONAIS DE AVAR\u00c9","description":"Biblioteca Prof. Maria N. Abs Pimentel; recebeu este nome \u00e0 partir de 13 de agosto de 1.999. A Biblioteca possui um acervo com aproximadamente 11651 livros","robots":{"index":"index","follow":"follow","max-snippet":"max-snippet:-1","max-image-preview":"max-image-preview:large","max-video-preview":"max-video-preview:-1"},"canonical":"https:\/\/www.fira.edu.br\/site\/biblioteca-before-import\/","og_locale":"pt_BR","og_type":"article","og_title":"Biblioteca - FREA - FACULDADES INTEGRADAS REGIONAIS DE AVAR\u00c9","og_description":"Biblioteca Prof. Maria N. Abs Pimentel; recebeu este nome \u00e0 partir de 13 de agosto de 1.999. A Biblioteca possui um acervo com aproximadamente 11651 livros","og_url":"https:\/\/www.fira.edu.br\/site\/biblioteca-before-import\/","og_site_name":"FACULDADES INTEGRADAS REGIONAIS DE AVAR\u00c9","article_modified_time":"2020-12-15T19:24:32+00:00","og_image":[{"url":"https:\/\/www.fira.edu.br\/site\/wp-content\/uploads\/2013\/02\/biblioteca00001-150x150.jpg","type":"","width":"","height":""}],"twitter_misc":{"Est. tempo de leitura":"1 minuto"},"schema":{"@context":"https:\/\/schema.org","@graph":[{"@type":"WebPage","@id":"https:\/\/www.fira.edu.br\/site\/biblioteca-before-import\/","url":"https:\/\/www.fira.edu.br\/site\/biblioteca-before-import\/","name":"Biblioteca - FREA - FACULDADES INTEGRADAS REGIONAIS DE AVAR\u00c9","isPartOf":{"@id":"https:\/\/www.fira.edu.br\/site\/#website"},"datePublished":"2013-02-18T12:36:24+00:00","dateModified":"2020-12-15T19:24:32+00:00","description":"Biblioteca Prof. Maria N. Abs Pimentel; recebeu este nome \u00e0 partir de 13 de agosto de 1.999. A Biblioteca possui um acervo com aproximadamente 11651 livros","breadcrumb":{"@id":"https:\/\/www.fira.edu.br\/site\/biblioteca-before-import\/#breadcrumb"},"inLanguage":"pt-BR","potentialAction":[{"@type":"ReadAction","target":["https:\/\/www.fira.edu.br\/site\/biblioteca-before-import\/"]}]},{"@type":"BreadcrumbList","@id":"https:\/\/www.fira.edu.br\/site\/biblioteca-before-import\/#breadcrumb","itemListElement":[{"@type":"ListItem","position":1,"name":"In\u00edcio","item":"https:\/\/www.fira.edu.br\/site\/"},{"@type":"ListItem","position":2,"name":"Biblioteca"}]},{"@type":"WebSite","@id":"https:\/\/www.fira.edu.br\/site\/#website","url":"https:\/\/www.fira.edu.br\/site\/","name":"FACULDADES INTEGRADAS REGIONAIS DE AVAR\u00c9","description":"A tradi\u00e7\u00e3o \u00e9 nossa. A oportunidade \u00e9 sua.","publisher":{"@id":"https:\/\/www.fira.edu.br\/site\/#organization"},"potentialAction":[{"@type":"SearchAction","target":{"@type":"EntryPoint","urlTemplate":"https:\/\/www.fira.edu.br\/site\/?s={search_term_string}"},"query-input":{"@type":"PropertyValueSpecification","valueRequired":true,"valueName":"search_term_string"}}],"inLanguage":"pt-BR"},{"@type":"Organization","@id":"https:\/\/www.fira.edu.br\/site\/#organization","name":"FACULDADES INTEGRADAS REGIONAIS DE AVAR\u00c9","url":"https:\/\/www.fira.edu.br\/site\/","logo":{"@type":"ImageObject","inLanguage":"pt-BR","@id":"https:\/\/www.fira.edu.br\/site\/#\/schema\/logo\/image\/","url":"https:\/\/www.fira.edu.br\/site\/wp-content\/uploads\/2020\/12\/fira-teste-.png","contentUrl":"https:\/\/www.fira.edu.br\/site\/wp-content\/uploads\/2020\/12\/fira-teste-.png","width":105,"height":105,"caption":"FACULDADES INTEGRADAS REGIONAIS DE AVAR\u00c9"},"image":{"@id":"https:\/\/www.fira.edu.br\/site\/#\/schema\/logo\/image\/"}}]}},"jetpack_sharing_enabled":true,"_links":{"self":[{"href":"https:\/\/www.fira.edu.br\/site\/wp-json\/wp\/v2\/pages\/5","targetHints":{"allow":["GET"]}}],"collection":[{"href":"https:\/\/www.fira.edu.br\/site\/wp-json\/wp\/v2\/pages"}],"about":[{"href":"https:\/\/www.fira.edu.br\/site\/wp-json\/wp\/v2\/types\/page"}],"author":[{"embeddable":true,"href":"https:\/\/www.fira.edu.br\/site\/wp-json\/wp\/v2\/users\/2"}],"replies":[{"embeddable":true,"href":"https:\/\/www.fira.edu.br\/site\/wp-json\/wp\/v2\/comments?post=5"}],"version-history":[{"count":17,"href":"https:\/\/www.fira.edu.br\/site\/wp-json\/wp\/v2\/pages\/5\/revisions"}],"predecessor-version":[{"id":12322,"href":"https:\/\/www.fira.edu.br\/site\/wp-json\/wp\/v2\/pages\/5\/revisions\/12322"}],"wp:attachment":[{"href":"https:\/\/www.fira.edu.br\/site\/wp-json\/wp\/v2\/media?parent=5"}],"curies":[{"name":"wp","href":"https:\/\/api.w.org\/{rel}","templated":true}]}}